{"id":20224,"date":"2024-01-28T14:54:46","date_gmt":"2024-01-28T13:54:46","guid":{"rendered":"https:\/\/geo-education.ch\/?page_id=20224"},"modified":"2024-08-20T11:21:05","modified_gmt":"2024-08-20T09:21:05","slug":"oereb-dm-av","status":"publish","type":"page","link":"https:\/\/geo-education.ch\/?page_id=20224","title":{"rendered":"\u00f6reb &#038; dm-av"},"content":{"rendered":"<div id=\"themify_builder_content-20224\" data-postid=\"20224\" class=\"themify_builder_content themify_builder_content-20224 themify_builder\">\n    \t<!-- module_row -->\n\t<div  class=\"themify_builder_row module_row clearfix module_row_1 themify_builder_20224_row module_row_20224-1 tb_80zn468\">\n\t    \t    <div class=\"row_inner col_align_top\" >\n\t\t\t<div  class=\"module_column tb-column col-full first tb_20224_column module_column_0 module_column_20224-1-0 tb_99n8468\">\n\t    \t    \t        <div class=\"tb-column-inner\">\n\t\t        <!-- module feature -->\n   <div  class=\"module module-feature tb_5pab469 with-chart layout-icon-left size-small  \">\n        <style type=\"text\/css\">.tb_5pab469 .module-feature-chart-html5 {\n\t\t\t    box-shadow: inset 0 0 0 3px rgba(0,0,0,.1);\n\t\t\t}\n\t\t\t.tb_5pab469 .chart-loaded.chart-html5-fill {\n\t\t\t    box-shadow: inset 0 0 0 3px #de5d5d;\n\t\t    }<\/style>\n        \n        <div class=\"module-feature-image\">\n            \n            \n                <div class=\"module-feature-chart-html5\"\n                                         data-progress=\"0\"\n                         data-progress-end=\"100\"\n                         data-size=\"100\"\n                                          >\n                    <div class=\"chart-html5-circle\">\n                                                    <div class=\"chart-html5-mask chart-html5-full\">\n                                <div class=\"chart-html5-fill\"><\/div>\n                            <\/div>\n                            <div class=\"chart-html5-mask chart-html5-half\">\n                                <div class=\"chart-html5-fill\"><\/div>\n                            <\/div>\n                                                <div class=\"chart-html5-inset\">\n\n                            \t\t\t\t\t\t\t\t    \t\t\t\t    <img decoding=\"async\" src=\"https:\/\/geo-education.ch\/wp-content\/uploads\/2018\/08\/S8.png\" alt=\"\u00d6REB &amp; DMAV\" \/>\n\t\t\t\t                            \n                        <\/div>\n                    <\/div>\n                <\/div>\n\n                        <\/div>\n\n        <div class=\"module-feature-content\">\n\t\t\t                                        <h3 class=\"module-feature-title\">\n                                                                                            \u00d6REB & DMAV                                                                                    <\/h3>\n                                \t    <div class=\"tb_text_wrap\">\n\t\t<h4 style=\"text-align: left;\">Beschreibung<\/h4>\n<h5>\u00d6REB<\/h5>\n<p><span style=\"font-weight: 400;\">Neben den klassischen Daten der amtlichen Vermessung ben\u00f6tigen Nutzende vermehrt Daten zu allen raumbezogenen Rechtsverh\u00e4ltnissen. Die privat-rechtlichen Eigentumsbeschr\u00e4nkungen sind im Grundbuch inkl. der amtlichen Vermessung festgelegt. F\u00fcr die \u00f6ffentlich-rechtlichen Eigentumsbeschr\u00e4nkungen (Raumplanung, Umwelt usw.) wurde der \u00d6REB-Kataster geschaffen. Seit Oktober 2007 verlangen das Bundesgesetz \u00fcber Geoinformation (Geoinformationsgesetz, GeoIG) und die Verordnung vom 2. September 2009 \u00fcber den Kataster der \u00f6ffentlich-rechtlichen Eigentumsbeschr\u00e4nkungen (\u00d6REBKV) von den Kantonen den Aufbau eines schweizweiten harmonisierten Katasters der \u00f6ffentlich-rechtlichen Eigentumsbeschr\u00e4nkungen (\u00d6REB-Kataster). Dieser gibt \u00fcber die wichtigsten \u00d6REB-Themen zentral, einheitlich aktuell und verbindlich Auskunft.<\/span><\/p>\n<h5>DMAV<\/h5>\n<p><span style=\"font-weight: 400;\">Das neue Datenmodell der amtlichen Vermessung Schweiz erm\u00f6glicht mehr Flexibilit\u00e4t und wichtige Anpassungen f\u00fcr eine moderne Datenhaltung.<\/span><\/p>\n<h4 style=\"text-align: left;\">Voraussetzungen<\/h4>\n<p><span style=\"font-weight: 400;\">Kenntnisse \u00fcber die Daten der amtlichen Vermessung, GIS-Basiskenntnisse und Interlis sind empfohlen.<\/span><\/p>\n<h4 style=\"text-align: left;\">Ziel<\/h4>\n<ul>\n<li class=\"li1\"><span class=\"s2\">Geoinformationsgesetz und \u00d6REB-Fachgesetzgebung kennen lernen<\/span><\/li>\n<li class=\"li1\"><span class=\"s2\">Eigentumsbeschr\u00e4nkungen beschreiben<\/span><\/li>\n<li class=\"li1\"><span class=\"s2\">Ziele Raumkataster, Kataster der \u00f6ffentlich-rechtlichen Eigentumsbeschr\u00e4nkungen erl\u00e4utern<\/span><\/li>\n<li class=\"li1\"><span class=\"s2\">Konzeption und Implementierung von \u00d6REB-Kataster verstehen<\/span><\/li>\n<li><span style=\"font-weight: 400;\">Datenmodell der amtlichen Vermessung erl\u00e4utern<\/span><\/li>\n<\/ul>\n<h4 style=\"text-align: left;\">Inhalt<\/h4>\n<ul class=\"ul1\">\n<li class=\"li1\"><span style=\"font-weight: 400;\">\u00d6REB<\/span><\/li>\n<li><span class=\"s2\">Eigentumsbeschr\u00e4nkungen (\u00f6ffentlich-rechtlich \/ privat-rechtlich)<\/span><\/li>\n<li class=\"li1\"><span class=\"s2\">Raumkataster, Kataster der \u00f6ffentlich-rechtlichen Eigentumsbeschr\u00e4nkungen<\/span><\/li>\n<li class=\"li1\"><span class=\"s2\">Vorgaben im Geoinformationsgesetz<\/span><\/li>\n<li class=\"li1\">Grundlagen<\/li>\n<li class=\"li1\">Qualit\u00e4tssicherung<\/li>\n<li class=\"li1\"><span class=\"s2\">Technisches Konzept des Projekts \u00d6REB-Kataster<\/span><\/li>\n<li class=\"li1\"><span class=\"s2\">Unterschied zwischen \u00d6REB-Kataster und Geoinformationssystemen<\/span><\/li>\n<li class=\"li1\"><span class=\"s2\">Modelle, Schnittstellen, Komponenten<\/span><\/li>\n<li class=\"li1\"><span class=\"s2\">Architektur<\/span><\/li>\n<li class=\"li1\"><span style=\"font-weight: 400;\">DMAV<\/span><\/li>\n<li class=\"li1\">Rechliche Grundlagen<\/li>\n<li class=\"li1\">\u00c4nderung der Verordnungen<\/li>\n<li class=\"li1\">GeoIG, GeoIV<\/li>\n<li class=\"li1\">Historisierung<\/li>\n<li class=\"li1\">WFS-Dienste<\/li>\n<li class=\"li1\">Umsetzung<\/li>\n<\/ul>\n<h4 style=\"text-align: left;\">Unterrichtszeit<\/h4>\n<p style=\"text-align: left;\">8 (1 Tag)<\/p>\n<h4 style=\"text-align: left;\">Kurskosten<\/h4>\n<p style=\"text-align: left;\">CHF 350.-<!--\/themify_builder_static--><\/p>\n<h4 class=\"p1\"><span class=\"s1\">Modulpr\u00fcfung Lehrgang Geomatiktechnik<\/span><\/h4>\n<ul class=\"ul1\">\n<li class=\"li1\"><span class=\"s2\"><b>Eine A4-Seite als Zusammenfassung<\/b><\/span><\/li>\n<li class=\"li2\"><span class=\"s2\"><b>Gesetzessammlung<\/b> (GEOIG, GEOIV, \u00d6REBKV, KGeoIG ZH, KGeoIV ZH, K\u00d6REBKV ZH) welche am \u00d6REB-Kataster Kurs abgegeben wurden <b>ohne Handnotizen<\/b> in der Gesetzessammlung.<\/span><\/li>\n<\/ul>\t    <\/div>\n\t<\/div>\n\n    <\/div>\n    <!-- \/module feature -->\n    <!-- module buttons -->\n    <div  class=\"module module-buttons tb_qk70470 xlarge solid squared  \">\n\t        \t<div class=\"module-buttons\">\n                            <div class=\"module-buttons-item buttons-fullwidth \">\n\t\t    \t\t\t<a href=\"https:\/\/geo-education.ch\/?tribe_events_cat=oereb-dmav\" class=\"ui builder_button tb_default_color\" target=\"_blank\" rel=\"noopener\">\n\t\t    \t\t    \t\t\t<span>N\u00e4chste Kursdaten und Online-Registrierung<\/span>\n\t\t    \t\t    \t\t\t<\/a>\n\t\t                    <\/div>\n                    <\/div>\n    <\/div>\n    <!-- \/module buttons -->\n\t        <\/div>\n\t    \t<\/div>\n\t\t    <\/div>\n\t    <!-- \/row_inner -->\n\t<\/div>\n\t<!-- \/module_row -->\n\t<\/div>\n\n\n","protected":false},"excerpt":{"rendered":"<p>\u00d6REB &#038; DMAV Beschreibung \u00d6REB Neben den klassischen Daten der amtlichen Vermessung ben\u00f6tigen Nutzende vermehrt Daten zu allen raumbezogenen Rechtsverh\u00e4ltnissen. Die privat-rechtlichen Eigentumsbeschr\u00e4nkungen sind im Grundbuch inkl. der amtlichen Vermessung [&hellip;]<\/p>\n","protected":false},"author":2,"featured_media":0,"parent":3383,"menu_order":0,"comment_status":"closed","ping_status":"closed","template":"","meta":{"_price":"","_stock":"","_tribe_ticket_header":"","_tribe_default_ticket_provider":"","_tribe_ticket_capacity":"0","_ticket_start_date":"","_ticket_end_date":"","_tribe_ticket_show_description":"","_tribe_ticket_show_not_going":false,"_tribe_ticket_use_global_stock":"","_tribe_ticket_global_stock_level":"","_global_stock_mode":"","_global_stock_cap":"","_tribe_rsvp_for_event":"","_tribe_ticket_going_count":"","_tribe_ticket_not_going_count":"","_tribe_tickets_list":"[]","_tribe_ticket_has_attendee_info_fields":false,"footnotes":""},"class_list":["post-20224","page","type-page","status-publish","hentry","has-post-title","has-post-date","has-post-category","has-post-tag","has-post-comment","has-post-author",""],"_links":{"self":[{"href":"https:\/\/geo-education.ch\/index.php?rest_route=\/wp\/v2\/pages\/20224","targetHints":{"allow":["GET"]}}],"collection":[{"href":"https:\/\/geo-education.ch\/index.php?rest_route=\/wp\/v2\/pages"}],"about":[{"href":"https:\/\/geo-education.ch\/index.php?rest_route=\/wp\/v2\/types\/page"}],"author":[{"embeddable":true,"href":"https:\/\/geo-education.ch\/index.php?rest_route=\/wp\/v2\/users\/2"}],"replies":[{"embeddable":true,"href":"https:\/\/geo-education.ch\/index.php?rest_route=%2Fwp%2Fv2%2Fcomments&post=20224"}],"version-history":[{"count":9,"href":"https:\/\/geo-education.ch\/index.php?rest_route=\/wp\/v2\/pages\/20224\/revisions"}],"predecessor-version":[{"id":21228,"href":"https:\/\/geo-education.ch\/index.php?rest_route=\/wp\/v2\/pages\/20224\/revisions\/21228"}],"up":[{"embeddable":true,"href":"https:\/\/geo-education.ch\/index.php?rest_route=\/wp\/v2\/pages\/3383"}],"wp:attachment":[{"href":"https:\/\/geo-education.ch\/index.php?rest_route=%2Fwp%2Fv2%2Fmedia&parent=20224"}],"curies":[{"name":"wp","href":"https:\/\/api.w.org\/{rel}","templated":true}]}}