{"id":3331,"date":"2018-08-18T08:26:10","date_gmt":"2018-08-18T06:26:10","guid":{"rendered":"http:\/\/geo-education.ch\/?page_id=3331"},"modified":"2023-01-28T15:33:51","modified_gmt":"2023-01-28T14:33:51","slug":"module-b1-personnalite","status":"publish","type":"page","link":"https:\/\/geo-education.ch\/?page_id=3331","title":{"rendered":"Modul B1 Pers\u00f6nliche Kompetenzen"},"content":{"rendered":"<div id=\"themify_builder_content-3331\" data-postid=\"3331\" class=\"themify_builder_content themify_builder_content-3331 themify_builder\">\n    \t<!-- module_row -->\n\t<div  class=\"themify_builder_row module_row clearfix module_row_0 themify_builder_3331_row module_row_3331-0 tb_8000267\">\n\t    \t    <div class=\"row_inner col_align_top\" >\n\t\t\t<div  class=\"module_column tb-column col-full first tb_3331_column module_column_0 module_column_3331-0-0 tb_8ed08e8\">\n\t    \t    \t        <div class=\"tb-column-inner\">\n\t\t        <!-- module feature -->\n   <div  class=\"module module-feature tb_9899b97 with-chart with-overlay-image layout-icon-left size-custom  \">\n        <style type=\"text\/css\">.tb_9899b97 .module-feature-chart-html5 {\n\t\t\t    box-shadow: inset 0 0 0 3px rgba(0,0,0,.1);\n\t\t\t}\n\t\t\t.tb_9899b97 .chart-loaded.chart-html5-fill {\n\t\t\t    box-shadow: inset 0 0 0 3px #de5d5d;\n\t\t    }<\/style>\n        \n        <div class=\"module-feature-image\">\n            <img loading=\"lazy\" decoding=\"async\" width=\"286\" height=\"313\" src=\"https:\/\/geo-education.ch\/wp-content\/uploads\/2018\/08\/B1.png\" class=\" wp-post-image wp-image-532\" title=\"B1 Personnalit\u00e9\" alt=\"B1 Personnalit\u00e9\" srcset=\"https:\/\/geo-education.ch\/wp-content\/uploads\/2018\/08\/B1.png 286w, https:\/\/geo-education.ch\/wp-content\/uploads\/2018\/08\/B1-274x300.png 274w, https:\/\/geo-education.ch\/wp-content\/uploads\/2018\/08\/B1-256x280.png 256w, https:\/\/geo-education.ch\/wp-content\/uploads\/2018\/08\/B1-978x1070.png 978w\" sizes=\"auto, (max-width: 286px) 100vw, 286px\" \/>\n            \n                <div class=\"module-feature-chart-html5\"\n                                         data-progress=\"0\"\n                         data-progress-end=\"100\"\n                         data-size=\"\"\n                                          >\n                    <div class=\"chart-html5-circle\">\n                                                    <div class=\"chart-html5-mask chart-html5-full\">\n                                <div class=\"chart-html5-fill\"><\/div>\n                            <\/div>\n                            <div class=\"chart-html5-mask chart-html5-half\">\n                                <div class=\"chart-html5-fill\"><\/div>\n                            <\/div>\n                                                <div class=\"chart-html5-inset chart-html5-inset-icon\">\n\n                                                                                            <i class=\"module-feature-icon fa fa-home\" style=\"color: #000\"><\/i>                            \n                        <\/div>\n                    <\/div>\n                <\/div>\n\n                        <\/div>\n\n        <div class=\"module-feature-content\">\n\t\t\t\t    <div class=\"tb_text_wrap\">\n\t\t<div class=\"\">\n<div class=\"\">\n<div class=\"\">\n<div class=\"\">\n<div class=\"\">\n<div class=\"\">\n<div class=\"\">\n<div class=\"\">\n<h5>Ihre Kompetenzen nach erfolgreicher Modulpr\u00fcfung<\/h5>\n<\/div>\n<\/div>\n<\/div>\n<\/div>\n<ul>\n<li>Sie sind bef\u00e4higt, ihre pers\u00f6nlichen Kompetenzen zu erfassen und richtig einzusch\u00e4tzen.<\/li>\n<li>Sie wenden unterschiedliche Arbeitstechniken in Ihrem betrieblichen Arbeitsumfeld an und verf\u00fcgen \u00fcber Kenntnisse, f\u00fcr Lernende ein optimales Ausbildungsklima zu schaffen.<\/li>\n<li>Sie setzen die Bildungsverordnungen und den Bildungsplan f\u00fcr Geomatiker und Geomatikerin (EFZ) in der Ausbildung von Lernenden um.<\/li>\n<\/ul>\n<h4>MODULUMFANG<\/h4>\n<h5>Unterrichtszeit<\/h5>\n<p>68 Lektionen<\/p>\n<h4>VORAUSSETZUNGEN<\/h4>\n<h5>Keine Voraussetzungen<br \/>F\u00fcr den gesamtschweizerisch anerkannten Berufsbildner-Kursausweis:<\/h5>\n<ul>\n<li>Grundbildung mit EFZ, zweij\u00e4hrige Praxis im Lehrgebiet<\/li>\n<\/ul>\n<h4>KURSE, INHALTE UND LERNZIELE<\/h4>\n<h5><a href=\"https:\/\/geo-education.ch\/?page_id=17084\">Initial Workshop GMT<\/a><\/h5>\n<h5><a href=\"https:\/\/geo-education.ch\/?page_id=5149&amp;lang=de\">Pers\u00f6nliche Kompetenz<\/a><\/h5>\n<h5><a href=\"https:\/\/geo-education.ch\/?page_id=3398&amp;lang=de\">Berufsbildnerkurs<\/a><\/h5>\n<h5><a href=\"https:\/\/geo-education.ch\/?page_id=3402&amp;lang=de\">Arbeitstechnik<\/a><\/h5>\n<h4>MODULKOSTEN (ALLE KURSE UND MODULPR\u00dcFUNG)<\/h4>\n<p>CHF 1\u2019600 .-<\/p>\n<\/div>\n<\/div>\n<\/div>\n<\/div>\t    <\/div>\n\t<\/div>\n\n    <\/div>\n    <!-- \/module feature -->\n\t        <\/div>\n\t    \t<\/div>\n\t\t    <\/div>\n\t    <!-- \/row_inner -->\n\t<\/div>\n\t<!-- \/module_row -->\n\t\t<!-- module_row -->\n\t<div  class=\"themify_builder_row module_row clearfix module_row_1 themify_builder_3331_row module_row_3331-1 tb_34ed39e\">\n\t    \t    <div class=\"row_inner col_align_top\" >\n\t\t\t<div  class=\"module_column tb-column col-full first tb_3331_column module_column_0 module_column_3331-1-0 tb_e932513\">\n\t    \t    \t        <div class=\"tb-column-inner\">\n\t\t        <!-- module buttons -->\n    <div  class=\"module module-buttons tb_457f59f xlarge solid squared  \">\n\t        \t<div class=\"module-buttons\">\n                            <div class=\"module-buttons-item buttons-fullwidth \">\n\t\t    \t\t\t<a href=\"https:\/\/geo-education.ch\/?tribe_events_cat=modul-persoenliche-kompetenzen-o1\" class=\"ui builder_button tb_default_color\" target=\"_blank\" rel=\"noopener\">\n\t\t    \t\t    \t\t\t<span>N\u00e4chste Kursdaten und Online-Registrierung<\/span>\n\t\t    \t\t    \t\t\t<\/a>\n\t\t                    <\/div>\n                    <\/div>\n    <\/div>\n    <!-- \/module buttons -->\n\t        <\/div>\n\t    \t<\/div>\n\t\t    <\/div>\n\t    <!-- \/row_inner -->\n\t<\/div>\n\t<!-- \/module_row -->\n\t<\/div>\n\n\n","protected":false},"excerpt":{"rendered":"<p>Ihre Kompetenzen nach erfolgreicher Modulpr\u00fcfung Sie sind bef\u00e4higt, ihre pers\u00f6nlichen Kompetenzen zu erfassen und richtig einzusch\u00e4tzen. Sie wenden unterschiedliche Arbeitstechniken in Ihrem betrieblichen Arbeitsumfeld an und verf\u00fcgen \u00fcber Kenntnisse, f\u00fcr [&hellip;]<\/p>\n","protected":false},"author":2,"featured_media":0,"parent":3305,"menu_order":0,"comment_status":"closed","ping_status":"closed","template":"","meta":{"_price":"","_stock":"","_tribe_ticket_header":"","_tribe_default_ticket_provider":"","_tribe_ticket_capacity":"0","_ticket_start_date":"","_ticket_end_date":"","_tribe_ticket_show_description":"","_tribe_ticket_show_not_going":false,"_tribe_ticket_use_global_stock":"","_tribe_ticket_global_stock_level":"","_global_stock_mode":"","_global_stock_cap":"","_tribe_rsvp_for_event":"","_tribe_ticket_going_count":"","_tribe_ticket_not_going_count":"","_tribe_tickets_list":"[]","_tribe_ticket_has_attendee_info_fields":false,"footnotes":""},"class_list":["post-3331","page","type-page","status-publish","hentry","has-post-title","has-post-date","has-post-category","has-post-tag","has-post-comment","has-post-author",""],"_links":{"self":[{"href":"https:\/\/geo-education.ch\/index.php?rest_route=\/wp\/v2\/pages\/3331","targetHints":{"allow":["GET"]}}],"collection":[{"href":"https:\/\/geo-education.ch\/index.php?rest_route=\/wp\/v2\/pages"}],"about":[{"href":"https:\/\/geo-education.ch\/index.php?rest_route=\/wp\/v2\/types\/page"}],"author":[{"embeddable":true,"href":"https:\/\/geo-education.ch\/index.php?rest_route=\/wp\/v2\/users\/2"}],"replies":[{"embeddable":true,"href":"https:\/\/geo-education.ch\/index.php?rest_route=%2Fwp%2Fv2%2Fcomments&post=3331"}],"version-history":[{"count":48,"href":"https:\/\/geo-education.ch\/index.php?rest_route=\/wp\/v2\/pages\/3331\/revisions"}],"predecessor-version":[{"id":17101,"href":"https:\/\/geo-education.ch\/index.php?rest_route=\/wp\/v2\/pages\/3331\/revisions\/17101"}],"up":[{"embeddable":true,"href":"https:\/\/geo-education.ch\/index.php?rest_route=\/wp\/v2\/pages\/3305"}],"wp:attachment":[{"href":"https:\/\/geo-education.ch\/index.php?rest_route=%2Fwp%2Fv2%2Fmedia&parent=3331"}],"curies":[{"name":"wp","href":"https:\/\/api.w.org\/{rel}","templated":true}]}}