{"id":3354,"date":"2018-08-22T11:35:38","date_gmt":"2018-08-22T09:35:38","guid":{"rendered":"http:\/\/geo-education.ch\/?page_id=3354"},"modified":"2023-01-29T15:06:03","modified_gmt":"2023-01-29T14:06:03","slug":"module-s1-gestion-du-territoire","status":"publish","type":"page","link":"https:\/\/geo-education.ch\/?page_id=3354","title":{"rendered":"Modul S3 Landmanagement"},"content":{"rendered":"<div id=\"themify_builder_content-3354\" data-postid=\"3354\" class=\"themify_builder_content themify_builder_content-3354 themify_builder\">\n    \t<!-- module_row -->\n\t<div  class=\"themify_builder_row module_row clearfix module_row_0 themify_builder_3354_row module_row_3354-0 tb_9b58075\">\n\t    \t    <div class=\"row_inner col_align_top\" >\n\t\t\t<div  class=\"module_column tb-column col-full first tb_3354_column module_column_0 module_column_3354-0-0 tb_fa7390c\">\n\t    \t    \t        <div class=\"tb-column-inner\">\n\t\t        <!-- module feature -->\n   <div  class=\"module module-feature tb_dfe01f9 with-chart with-overlay-image layout-icon-left size-custom  \">\n        <style type=\"text\/css\">.tb_dfe01f9 .module-feature-chart-html5 {\n\t\t\t    box-shadow: inset 0 0 0 3px rgba(0,0,0,.1);\n\t\t\t}\n\t\t\t.tb_dfe01f9 .chart-loaded.chart-html5-fill {\n\t\t\t    box-shadow: inset 0 0 0 3px #de5d5d;\n\t\t    }<\/style>\n        \n        <div class=\"module-feature-image\">\n            <img loading=\"lazy\" decoding=\"async\" width=\"305\" height=\"316\" src=\"https:\/\/geo-education.ch\/wp-content\/uploads\/2018\/08\/S1.png\" class=\" wp-post-image wp-image-552\" title=\"S1\" alt=\"S1\" srcset=\"https:\/\/geo-education.ch\/wp-content\/uploads\/2018\/08\/S1.png 305w, https:\/\/geo-education.ch\/wp-content\/uploads\/2018\/08\/S1-290x300.png 290w, https:\/\/geo-education.ch\/wp-content\/uploads\/2018\/08\/S1-256x265.png 256w, https:\/\/geo-education.ch\/wp-content\/uploads\/2018\/08\/S1-978x1013.png 978w\" sizes=\"auto, (max-width: 305px) 100vw, 305px\" \/>\n            \n                <div class=\"module-feature-chart-html5\"\n                                         data-progress=\"0\"\n                         data-progress-end=\"100\"\n                         data-size=\"\"\n                                          >\n                    <div class=\"chart-html5-circle\">\n                                                    <div class=\"chart-html5-mask chart-html5-full\">\n                                <div class=\"chart-html5-fill\"><\/div>\n                            <\/div>\n                            <div class=\"chart-html5-mask chart-html5-half\">\n                                <div class=\"chart-html5-fill\"><\/div>\n                            <\/div>\n                                                <div class=\"chart-html5-inset chart-html5-inset-icon\">\n\n                                                                                            <i class=\"module-feature-icon fa fa-home\" style=\"color: #000\"><\/i>                            \n                        <\/div>\n                    <\/div>\n                <\/div>\n\n                        <\/div>\n\n        <div class=\"module-feature-content\">\n\t\t\t\t    <div class=\"tb_text_wrap\">\n\t\t<h5>Ihre Kompetenzen nach erfolgreicher Modulpr\u00fcfung<\/h5>\n<p>Sie verstehen die Konzeption von \u00d6REB-Kataster, beschreiben Eigentumsbeschr\u00e4nkungen und erl\u00e4utern Ziele Raumkataster, Kataster der \u00f6ffentlich-rechtlichen Eigentumsbeschr\u00e4nkungen.<\/p>\n<p>Sie k\u00f6nnen Grundkenntnisse der kommunalen Planungsinstrumente und Verfahren nennen, die wichtigsten Planungsgrundlagen aufz\u00e4hlen und k\u00f6nnen r\u00e4umliche Problemstellungen erfassen und beurteilen. Sie erkennen den planerischen Handlungsbedarfs und der Handlungsspielr\u00e4ume.<br \/>Im Weiteren erl\u00e4utern Sie die Zusammenh\u00e4nge zwischen Umwelttechnik und Raumplanung und beschreiben Erschliessung und Erschliessungstr\u00e4ger und lesen und interpretieren die Pl\u00e4ne er Umwelttechnik.<\/p>\n<h4>MODULUMFANG<\/h4>\n<h5>Unterrichtszeit<\/h5>\n<p>48 Lektionen<\/p>\n<h4>VORAUSSETZUNGEN<\/h4>\n<h5>Keine<\/h5>\n<h4>KURSE, INHALTE UND LERNZIELE<\/h4>\n<h5><a href=\"https:\/\/geo-education.ch\/?page_id=3459&amp;lang=de\">Mobilit\u00e4t &amp; Infrastruktur<\/a><\/h5>\n<h5><a href=\"https:\/\/geo-education.ch\/?page_id=3463&amp;lang=de\">Raumplanung<\/a><\/h5>\n<h5><a href=\"https:\/\/geo-education.ch\/?page_id=3472&amp;lang=de\">Umwelttechnik<\/a><\/h5>\n<h4>MODULKOSTEN (ALLE KURSE UND MODULPR\u00dcFUNG)<\/h4>\n<p>CHF 1\u2019800 .-<\/p>\t    <\/div>\n\t<\/div>\n\n    <\/div>\n    <!-- \/module feature -->\n\t        <\/div>\n\t    \t<\/div>\n\t\t    <\/div>\n\t    <!-- \/row_inner -->\n\t<\/div>\n\t<!-- \/module_row -->\n\t\t<!-- module_row -->\n\t<div  class=\"themify_builder_row module_row clearfix module_row_1 themify_builder_3354_row module_row_3354-1 tb_34ed39e\">\n\t    \t    <div class=\"row_inner col_align_top\" >\n\t\t\t<div  class=\"module_column tb-column col-full first tb_3354_column module_column_0 module_column_3354-1-0 tb_e932513\">\n\t    \t    \t        <div class=\"tb-column-inner\">\n\t\t        <!-- module buttons -->\n    <div  class=\"module module-buttons tb_457f59f xlarge solid squared  \">\n\t        \t<div class=\"module-buttons\">\n                            <div class=\"module-buttons-item buttons-fullwidth \">\n\t\t    \t\t\t<a href=\"https:\/\/geo-education.ch\/?tribe_events_cat=modul-landmanagement-f1\" class=\"ui builder_button tb_default_color\" target=\"_blank\" rel=\"noopener\">\n\t\t    \t\t    \t\t\t<span>N\u00e4chste Kursdaten und Online-Registrierung<\/span>\n\t\t    \t\t    \t\t\t<\/a>\n\t\t                    <\/div>\n                    <\/div>\n    <\/div>\n    <!-- \/module buttons -->\n\t        <\/div>\n\t    \t<\/div>\n\t\t    <\/div>\n\t    <!-- \/row_inner -->\n\t<\/div>\n\t<!-- \/module_row -->\n\t<\/div>\n\n\n","protected":false},"excerpt":{"rendered":"<p>Ihre Kompetenzen nach erfolgreicher Modulpr\u00fcfung Sie verstehen die Konzeption von \u00d6REB-Kataster, beschreiben Eigentumsbeschr\u00e4nkungen und erl\u00e4utern Ziele Raumkataster, Kataster der \u00f6ffentlich-rechtlichen Eigentumsbeschr\u00e4nkungen. Sie k\u00f6nnen Grundkenntnisse der kommunalen Planungsinstrumente und Verfahren nennen, [&hellip;]<\/p>\n","protected":false},"author":2,"featured_media":0,"parent":3317,"menu_order":0,"comment_status":"closed","ping_status":"closed","template":"","meta":{"_price":"","_stock":"","_tribe_ticket_header":"","_tribe_default_ticket_provider":"","_tribe_ticket_capacity":"0","_ticket_start_date":"","_ticket_end_date":"","_tribe_ticket_show_description":"","_tribe_ticket_show_not_going":false,"_tribe_ticket_use_global_stock":"","_tribe_ticket_global_stock_level":"","_global_stock_mode":"","_global_stock_cap":"","_tribe_rsvp_for_event":"","_tribe_ticket_going_count":"","_tribe_ticket_not_going_count":"","_tribe_tickets_list":"[]","_tribe_ticket_has_attendee_info_fields":false,"footnotes":""},"class_list":["post-3354","page","type-page","status-publish","hentry","has-post-title","has-post-date","has-post-category","has-post-tag","has-post-comment","has-post-author",""],"_links":{"self":[{"href":"https:\/\/geo-education.ch\/index.php?rest_route=\/wp\/v2\/pages\/3354","targetHints":{"allow":["GET"]}}],"collection":[{"href":"https:\/\/geo-education.ch\/index.php?rest_route=\/wp\/v2\/pages"}],"about":[{"href":"https:\/\/geo-education.ch\/index.php?rest_route=\/wp\/v2\/types\/page"}],"author":[{"embeddable":true,"href":"https:\/\/geo-education.ch\/index.php?rest_route=\/wp\/v2\/users\/2"}],"replies":[{"embeddable":true,"href":"https:\/\/geo-education.ch\/index.php?rest_route=%2Fwp%2Fv2%2Fcomments&post=3354"}],"version-history":[{"count":24,"href":"https:\/\/geo-education.ch\/index.php?rest_route=\/wp\/v2\/pages\/3354\/revisions"}],"predecessor-version":[{"id":17187,"href":"https:\/\/geo-education.ch\/index.php?rest_route=\/wp\/v2\/pages\/3354\/revisions\/17187"}],"up":[{"embeddable":true,"href":"https:\/\/geo-education.ch\/index.php?rest_route=\/wp\/v2\/pages\/3317"}],"wp:attachment":[{"href":"https:\/\/geo-education.ch\/index.php?rest_route=%2Fwp%2Fv2%2Fmedia&parent=3354"}],"curies":[{"name":"wp","href":"https:\/\/api.w.org\/{rel}","templated":true}]}}