{"id":5447,"date":"2018-09-27T08:41:34","date_gmt":"2018-09-27T06:41:34","guid":{"rendered":"http:\/\/geo-education.ch\/?page_id=5447"},"modified":"2026-01-12T11:41:41","modified_gmt":"2026-01-12T10:41:41","slug":"organisation","status":"publish","type":"page","link":"https:\/\/geo-education.ch\/?page_id=5447","title":{"rendered":"\u00dcber uns"},"content":{"rendered":"<div id=\"themify_builder_content-5447\" data-postid=\"5447\" class=\"themify_builder_content themify_builder_content-5447 themify_builder\">\n    \t<!-- module_row -->\n\t<div  class=\"themify_builder_row module_row clearfix module_row_0 themify_builder_5447_row module_row_5447-0 tb_8b7d03b\">\n\t    \t    <div class=\"row_inner col_align_top\" >\n\t\t\t<div  class=\"module_column tb-column col-full first tb_5447_column module_column_0 module_column_5447-0-0 tb_ec16f46\">\n\t    \t    \t        <div class=\"tb-column-inner\">\n\t\t        <!-- module feature -->\n   <div  class=\"module module-feature tb_7cb6932 with-chart layout-icon-left size-small  \">\n        <style type=\"text\/css\">.tb_7cb6932 .module-feature-chart-html5 {\n\t\t\t    box-shadow: inset 0 0 0 3px rgba(0,0,0,.1);\n\t\t\t}\n\t\t\t.tb_7cb6932 .chart-loaded.chart-html5-fill {\n\t\t\t    box-shadow: inset 0 0 0 3px #de5d5d;\n\t\t    }<\/style>\n        \n        <div class=\"module-feature-image\">\n            \n            \n                <div class=\"module-feature-chart-html5\"\n                                         data-progress=\"0\"\n                         data-progress-end=\"100\"\n                         data-size=\"100\"\n                                          >\n                    <div class=\"chart-html5-circle\">\n                                                    <div class=\"chart-html5-mask chart-html5-full\">\n                                <div class=\"chart-html5-fill\"><\/div>\n                            <\/div>\n                            <div class=\"chart-html5-mask chart-html5-half\">\n                                <div class=\"chart-html5-fill\"><\/div>\n                            <\/div>\n                                                <div class=\"chart-html5-inset chart-html5-inset-icon\">\n\n                                                                                            <i class=\"module-feature-icon fa fa-check\" style=\"color: #000\"><\/i>                            \n                        <\/div>\n                    <\/div>\n                <\/div>\n\n                        <\/div>\n\n        <div class=\"module-feature-content\">\n\t\t\t                                        <h3 class=\"module-feature-title\">\n                                                                                            Als Fachschule in Geomatik und Vermessung leben wir folgende Leits\u00e4tze:                                                                                    <\/h3>\n                                \t    <div class=\"tb_text_wrap\">\n\t\t<ul>\n<li style=\"text-align: left;\">Gut ausgebildete Berufsleute st\u00e4rken den Arbeitsplatz Schweiz<\/li>\n<li style=\"text-align: left;\">Als Partner der Berufsverb\u00e4nde in der Geomatik f\u00fchren wir den Lehrgang zum Geomatiktechniker\/in mit eidg. Fachausweis durch<\/li>\n<li style=\"text-align: left;\">Wir wollen ein gutes, vielf\u00e4ltiges und kosteng\u00fcnstiges Kursangebot f\u00fcr alle Interessierten Kreise anbieten<\/li>\n<li style=\"text-align: left;\">Wir verstehen uns als professionelle Ausbildungsst\u00e4tte f\u00fcr die berufliche Weiterbildung<\/li>\n<li style=\"text-align: left;\">Interessierte sollen sich laufend weiterentwickeln k\u00f6nnen<\/li>\n<li style=\"text-align: left;\">Unser Angebot steht unter dem Motto &#8220;Profis f\u00fcr Profis&#8221;<\/li>\n<li style=\"text-align: left;\">Als Genossenschaft investieren all unsere \u00dcbersch\u00fcsse wiederum in die Aus- und Weiterbildung<\/li>\n<\/ul>\t    <\/div>\n\t<\/div>\n\n    <\/div>\n    <!-- \/module feature -->\n    <!-- module feature -->\n   <div  class=\"module module-feature tb_3xzf060 with-chart layout-icon-left size-small  \">\n        <style type=\"text\/css\">.tb_3xzf060 .module-feature-chart-html5 {\n\t\t\t    box-shadow: inset 0 0 0 3px rgba(0,0,0,.1);\n\t\t\t}\n\t\t\t.tb_3xzf060 .chart-loaded.chart-html5-fill {\n\t\t\t    box-shadow: inset 0 0 0 3px #de5d5d;\n\t\t    }<\/style>\n        \n        <div class=\"module-feature-image\">\n            \n            \n                <div class=\"module-feature-chart-html5\"\n                                         data-progress=\"0\"\n                         data-progress-end=\"100\"\n                         data-size=\"100\"\n                                          >\n                    <div class=\"chart-html5-circle\">\n                                                    <div class=\"chart-html5-mask chart-html5-full\">\n                                <div class=\"chart-html5-fill\"><\/div>\n                            <\/div>\n                            <div class=\"chart-html5-mask chart-html5-half\">\n                                <div class=\"chart-html5-fill\"><\/div>\n                            <\/div>\n                                                <div class=\"chart-html5-inset chart-html5-inset-icon\">\n\n                                                                                            <i class=\"module-feature-icon fa fa-check\" style=\"color: #000\"><\/i>                            \n                        <\/div>\n                    <\/div>\n                <\/div>\n\n                        <\/div>\n\n        <div class=\"module-feature-content\">\n\t\t\t                                        <h3 class=\"module-feature-title\">\n                                                                                            Modularer Lehrgang zur eidg. Fachausweispr\u00fcfung                                                                                    <\/h3>\n                                \t    <div class=\"tb_text_wrap\">\n\t\t<p>Der Lehrgang f\u00fcr Geomatiktechniker oder Geomatiktechnikerinnen mit eidg. FA wird durch <a href=\"https:\/\/www2.berufsbildung-geomatik.ch\/de\/traegerverein-geomatikerin-schweiz-schaffhausen\/ich-bilde-mich-weiter.html#qsk-experten\" target=\"_blank\" rel=\"noopener\">die parit\u00e4tsiche QS-K<\/a> kontrolliert und vorgeschrieben.\u00a0<br \/>Die QS-K ist im <a href=\"https:\/\/www2.berufsbildung-geomatik.ch\/traegerverein-geomatikerin-schweiz-schaffhausen.html\" target=\"_blank\" rel=\"noopener\">Tr\u00e4gerverein Geomatik (TVG)<\/a> integriert. Die Mitglieder\/Innen werden durch die Berufsverb\u00e4nde bestimmt.<\/p>\t    <\/div>\n\t<\/div>\n\n    <\/div>\n    <!-- \/module feature -->\n\t        <\/div>\n\t    \t<\/div>\n\t\t    <\/div>\n\t    <!-- \/row_inner -->\n\t<\/div>\n\t<!-- \/module_row -->\n\t\t<!-- module_row -->\n\t<div   class=\"themify_builder_row module_row clearfix module_row_1 themify_builder_5447_row module_row_5447-1 tb_vt82403\">\n\t    \t    <div class=\"row_inner col_align_top\" >\n\t\t\t<div  class=\"module_column tb-column col-full first tb_5447_column module_column_0 module_column_5447-1-0 tb_4q7n404\">\n\t    \t    \t        <div class=\"tb-column-inner\">\n\t\t    <!-- module plain text -->\n<div  class=\"module module-plain-text tb_yd4j393  \">\n        <div class=\"tb_text_wrap\" >\n\tTeam    <\/div>\n<\/div>\n<!-- \/module plain text -->\t        <\/div>\n\t    \t<\/div>\n\t\t    <\/div>\n\t    <!-- \/row_inner -->\n\t<\/div>\n\t<!-- \/module_row -->\n\t\t<!-- module_row -->\n\t<div   class=\"themify_builder_row module_row clearfix module_row_2 themify_builder_5447_row module_row_5447-2 tb_bqvd669\">\n\t    \t    <div class=\"row_inner col_align_top\" >\n\t\t\t<div  class=\"module_column tb-column col-full first tb_5447_column module_column_0 module_column_5447-2-0 tb_5flq670\">\n\t    \t    \t        <div class=\"tb-column-inner\">\n\t\t    \t<div  class=\"themify_builder_sub_row module_subrow clearfix sub_row_2-0-0 tb_bdtm670\" >\n\t    \t    <div class=\"subrow_inner gutter-none col_align_top\" >\n\t\t\t<div  class=\"sub_column module_column col3-1 first sub_column_post_5447 sub_column_2-0-0-0 tb_kbgq671\" > \n\t    \t    \t        <div class=\"tb-column-inner\">\n\t\t        <!-- module image -->\n    <div  class=\"module module-image tb_of4q671 circle image-center  \">\n\t                <div class=\"image-wrap\">\n                            <img loading=\"lazy\" decoding=\"async\" src=\"https:\/\/geo-education.ch\/wp-content\/uploads\/2026\/01\/Andy_crop_2-815x1024-200x200.jpg\" width=\"200\" height=\"200\" class=\" wp-post-image wp-image-24474\" title=\"Andy Reimers\" alt=\"Gesch\u00e4ftsf\u00fchrung\" srcset=\"https:\/\/geo-education.ch\/wp-content\/uploads\/2026\/01\/Andy_crop_2-815x1024-200x200.jpg 200w, https:\/\/geo-education.ch\/wp-content\/uploads\/2026\/01\/Andy_crop_2-815x1024-150x150.jpg 150w\" sizes=\"auto, (max-width: 200px) 100vw, 200px\" \/>            \n                        <\/div>\n            <!-- \/image-wrap -->\n        \n                    <div class=\"image-content\">\n                                    <h3 class=\"image-title\">\n                                                    Andy Reimers                                            <\/h3>\n                \n\t\t                    <div class=\"image-caption tb_text_wrap\">\n                        Gesch\u00e4ftsf\u00fchrung                <\/div>\n                <!-- \/image-caption -->\n                            <\/div>\n            <!-- \/image-content -->\n        \n        <\/div>\n    <!-- \/module image -->\n    <!-- module icon -->\n    <div  class=\"module module-icon tb_8mv3397  normal circle icon_horizontal  \">\n\t        \t<div class=\"module-icon\">\n                            <div class=\"module-icon-item\">\n                                            <a href=\"https:\/\/www.linkedin.com\/in\/andreas-reimers-757a0b53\/\" rel=\"noopener\" target=\"_blank\">\n                                                                            <i class=\"ti-linkedin ui transparent\"><\/i>\n                                                                                                <\/a>\n                                    <\/div>\n                            <div class=\"module-icon-item\">\n                                                                                                            <\/div>\n                    <\/div>\n    <\/div>\n    <!-- \/module icon -->\n\t        <\/div>\n\t    \t<\/div>\n\t\t<div  class=\"sub_column module_column col3-1 middle sub_column_post_5447 sub_column_2-0-0-1 tb_1gzs672\" > \n\t    \t    \t        <div class=\"tb-column-inner\">\n\t\t        <!-- module image -->\n    <div  class=\"module module-image tb_fjxu11 circle image-center  \">\n\t                <div class=\"image-wrap\">\n                            <img loading=\"lazy\" decoding=\"async\" src=\"https:\/\/geo-education.ch\/wp-content\/uploads\/2026\/01\/OLi_crop-1-791x1024-200x200.jpg\" width=\"200\" height=\"200\" class=\" wp-post-image wp-image-24437\" title=\"Oli Grimm\" alt=\"Gesch\u00e4ftsleitung, Schulleitung Deutschschweiz \/ Tessin\" srcset=\"https:\/\/geo-education.ch\/wp-content\/uploads\/2026\/01\/OLi_crop-1-791x1024-200x200.jpg 200w, https:\/\/geo-education.ch\/wp-content\/uploads\/2026\/01\/OLi_crop-1-791x1024-150x150.jpg 150w\" sizes=\"auto, (max-width: 200px) 100vw, 200px\" \/>            \n                        <\/div>\n            <!-- \/image-wrap -->\n        \n                    <div class=\"image-content\">\n                                    <h3 class=\"image-title\">\n                                                    Oli Grimm                                            <\/h3>\n                \n\t\t                    <div class=\"image-caption tb_text_wrap\">\n                        Gesch\u00e4ftsleitung, Schulleitung Deutschschweiz \/ Tessin                <\/div>\n                <!-- \/image-caption -->\n                            <\/div>\n            <!-- \/image-content -->\n        \n        <\/div>\n    <!-- \/module image -->\n    <!-- module icon -->\n    <div  class=\"module module-icon tb_4130255  normal circle icon_horizontal  \">\n\t        \t<div class=\"module-icon\">\n                            <div class=\"module-icon-item\">\n                                            <a href=\"https:\/\/www.linkedin.com\/in\/oliver-grimm-90a367131\/\" rel=\"noopener\" target=\"_blank\">\n                                                                            <i class=\"ti-linkedin ui transparent\"><\/i>\n                                                                                                <\/a>\n                                    <\/div>\n                            <div class=\"module-icon-item\">\n                                            <a href=\"https:\/\/facebook.com\/themify\">\n                                                                                                                        <\/a>\n                                    <\/div>\n                    <\/div>\n    <\/div>\n    <!-- \/module icon -->\n\t        <\/div>\n\t    \t<\/div>\n\t\t<div  class=\"sub_column module_column col3-1 last sub_column_post_5447 sub_column_2-0-0-2 tb_3fwu672\" > \n\t    \t    \t        <div class=\"tb-column-inner\">\n\t\t        <!-- module image -->\n    <div  class=\"module module-image tb_wghf633 circle image-center  \">\n\t                <div class=\"image-wrap\">\n                            <img loading=\"lazy\" decoding=\"async\" src=\"https:\/\/geo-education.ch\/wp-content\/uploads\/2020\/06\/Milena-200x200.jpeg\" width=\"200\" height=\"200\" class=\" wp-post-image wp-image-15786\" title=\"Milena Scrignari\" alt=\"Gesch\u00e4ftsleitung, Schulleitung Romandie\" srcset=\"https:\/\/geo-education.ch\/wp-content\/uploads\/2020\/06\/Milena-200x200.jpeg 200w, https:\/\/geo-education.ch\/wp-content\/uploads\/2020\/06\/Milena-300x300.jpeg 300w, https:\/\/geo-education.ch\/wp-content\/uploads\/2020\/06\/Milena-150x150.jpeg 150w, https:\/\/geo-education.ch\/wp-content\/uploads\/2020\/06\/Milena-768x768.jpeg 768w, https:\/\/geo-education.ch\/wp-content\/uploads\/2020\/06\/Milena.jpeg 800w\" sizes=\"auto, (max-width: 200px) 100vw, 200px\" \/>            \n                        <\/div>\n            <!-- \/image-wrap -->\n        \n                    <div class=\"image-content\">\n                                    <h3 class=\"image-title\">\n                                                    Milena Scrignari                                            <\/h3>\n                \n\t\t                    <div class=\"image-caption tb_text_wrap\">\n                        Gesch\u00e4ftsleitung, Schulleitung Romandie                <\/div>\n                <!-- \/image-caption -->\n                            <\/div>\n            <!-- \/image-content -->\n        \n        <\/div>\n    <!-- \/module image -->\n    <!-- module icon -->\n    <div  class=\"module module-icon tb_93do883  normal circle icon_horizontal  \">\n\t        \t<div class=\"module-icon\">\n                            <div class=\"module-icon-item\">\n                                            <a href=\"https:\/\/www.linkedin.com\/in\/milena-scrignari-7a064711b\/\" rel=\"noopener\" target=\"_blank\">\n                                                                            <i class=\"ti-linkedin ui transparent\"><\/i>\n                                                                                                <\/a>\n                                    <\/div>\n                            <div class=\"module-icon-item\">\n                                                                                                            <\/div>\n                    <\/div>\n    <\/div>\n    <!-- \/module icon -->\n\t        <\/div>\n\t    \t<\/div>\n\t\t    <\/div>\n\t<\/div><!-- \/themify_builder_sub_row -->\n\t\t<div  class=\"themify_builder_sub_row module_subrow clearfix sub_row_2-0-1 tb_rpbc673\" >\n\t    \t    <div class=\"subrow_inner gutter-none col_align_top\" >\n\t\t\t<div  class=\"sub_column module_column col3-1 first sub_column_post_5447 sub_column_2-0-1-0 tb_pojh673\" > \n\t    \t    \t        <div class=\"tb-column-inner\">\n\t\t        <!-- module image -->\n    <div  class=\"module module-image tb_jio2698 circle image-center  \">\n\t                <div class=\"image-wrap\">\n                            <img loading=\"lazy\" decoding=\"async\" src=\"https:\/\/geo-education.ch\/wp-content\/uploads\/2026\/01\/Nadia_crop-1024x1019-200x200.jpg\" width=\"200\" height=\"200\" class=\" wp-post-image wp-image-24440\" title=\"Nadia Sp\u00f6rri\" alt=\"Schuladministration\" srcset=\"https:\/\/geo-education.ch\/wp-content\/uploads\/2026\/01\/Nadia_crop-1024x1019-200x200.jpg 200w, https:\/\/geo-education.ch\/wp-content\/uploads\/2026\/01\/Nadia_crop-300x300.jpg 300w, https:\/\/geo-education.ch\/wp-content\/uploads\/2026\/01\/Nadia_crop-1024x1019.jpg 1024w, https:\/\/geo-education.ch\/wp-content\/uploads\/2026\/01\/Nadia_crop-1024x1019-150x149.jpg 150w, https:\/\/geo-education.ch\/wp-content\/uploads\/2026\/01\/Nadia_crop-768x765.jpg 768w, https:\/\/geo-education.ch\/wp-content\/uploads\/2026\/01\/Nadia_crop-1536x1529.jpg 1536w, https:\/\/geo-education.ch\/wp-content\/uploads\/2026\/01\/Nadia_crop.jpg 1983w\" sizes=\"auto, (max-width: 200px) 100vw, 200px\" \/>            \n                        <\/div>\n            <!-- \/image-wrap -->\n        \n                    <div class=\"image-content\">\n                                    <h3 class=\"image-title\">\n                                                    Nadia Sp\u00f6rri                                            <\/h3>\n                \n\t\t                    <div class=\"image-caption tb_text_wrap\">\n                        Schuladministration                <\/div>\n                <!-- \/image-caption -->\n                            <\/div>\n            <!-- \/image-content -->\n        \n        <\/div>\n    <!-- \/module image -->\n\t        <\/div>\n\t    \t<\/div>\n\t\t<div  class=\"sub_column module_column col3-1 middle sub_column_post_5447 sub_column_2-0-1-1 tb_jd2a674\" > \n\t    \t    \t        <div class=\"tb-column-inner\">\n\t\t        <!-- module image -->\n    <div  class=\"module module-image tb_5r23401 circle image-center  \">\n\t                <div class=\"image-wrap\">\n                            <img loading=\"lazy\" decoding=\"async\" src=\"https:\/\/geo-education.ch\/wp-content\/uploads\/2020\/06\/franziska-200x200.jpeg\" width=\"200\" height=\"200\" class=\" wp-post-image wp-image-13421\" title=\"Franziska Andr\u00e9\" alt=\"Schulsekretariat\" srcset=\"https:\/\/geo-education.ch\/wp-content\/uploads\/2020\/06\/franziska-200x200.jpeg 200w, https:\/\/geo-education.ch\/wp-content\/uploads\/2020\/06\/franziska-300x300.jpeg 300w, https:\/\/geo-education.ch\/wp-content\/uploads\/2020\/06\/franziska-150x150.jpeg 150w, https:\/\/geo-education.ch\/wp-content\/uploads\/2020\/06\/franziska-768x768.jpeg 768w, https:\/\/geo-education.ch\/wp-content\/uploads\/2020\/06\/franziska.jpeg 800w\" sizes=\"auto, (max-width: 200px) 100vw, 200px\" \/>            \n                        <\/div>\n            <!-- \/image-wrap -->\n        \n                    <div class=\"image-content\">\n                                    <h3 class=\"image-title\">\n                                                    Franziska Andr\u00e9                                            <\/h3>\n                \n\t\t                    <div class=\"image-caption tb_text_wrap\">\n                        Schulsekretariat                <\/div>\n                <!-- \/image-caption -->\n                            <\/div>\n            <!-- \/image-content -->\n        \n        <\/div>\n    <!-- \/module image -->\n    <!-- module icon -->\n    <div  class=\"module module-icon tb_tocb451  normal circle icon_horizontal  \">\n\t        \t<div class=\"module-icon\">\n                            <div class=\"module-icon-item\">\n                                            <a href=\"https:\/\/www.linkedin.com\/in\/franziska-andr\u00e9-006a282a\/\" rel=\"noopener\" target=\"_blank\">\n                                                                            <i class=\"ti-linkedin ui transparent\"><\/i>\n                                                                                                <\/a>\n                                    <\/div>\n                            <div class=\"module-icon-item\">\n                                                                                                            <\/div>\n                    <\/div>\n    <\/div>\n    <!-- \/module icon -->\n\t        <\/div>\n\t    \t<\/div>\n\t\t<div  class=\"sub_column module_column col3-1 last sub_column_post_5447 sub_column_2-0-1-2 tb_qewt674\" > \n\t    \t    \t        <div class=\"tb-column-inner\">\n\t\t        <!-- module image -->\n    <div  class=\"module module-image tb_du9v776 circle image-center  \">\n\t                <div class=\"image-wrap\">\n                            <img loading=\"lazy\" decoding=\"async\" src=\"https:\/\/geo-education.ch\/wp-content\/uploads\/2020\/06\/paula-nacht-200x200.jpeg\" width=\"200\" height=\"200\" class=\" wp-post-image wp-image-13410\" title=\"Paula Nacht\" alt=\"Finanzen\" srcset=\"https:\/\/geo-education.ch\/wp-content\/uploads\/2020\/06\/paula-nacht-200x200.jpeg 200w, https:\/\/geo-education.ch\/wp-content\/uploads\/2020\/06\/paula-nacht-300x300.jpeg 300w, https:\/\/geo-education.ch\/wp-content\/uploads\/2020\/06\/paula-nacht-150x150.jpeg 150w, https:\/\/geo-education.ch\/wp-content\/uploads\/2020\/06\/paula-nacht.jpeg 500w\" sizes=\"auto, (max-width: 200px) 100vw, 200px\" \/>            \n                        <\/div>\n            <!-- \/image-wrap -->\n        \n                    <div class=\"image-content\">\n                                    <h3 class=\"image-title\">\n                                                    Paula Nacht                                            <\/h3>\n                \n\t\t                    <div class=\"image-caption tb_text_wrap\">\n                        Finanzen                <\/div>\n                <!-- \/image-caption -->\n                            <\/div>\n            <!-- \/image-content -->\n        \n        <\/div>\n    <!-- \/module image -->\n    <!-- module icon -->\n    <div  class=\"module module-icon tb_2vh8865  normal circle icon_horizontal  \">\n\t        \t<div class=\"module-icon\">\n                            <div class=\"module-icon-item\">\n                                            <a href=\"https:\/\/www.linkedin.com\/in\/paula-nacht\/\" rel=\"noopener\" target=\"_blank\">\n                                                                            <i class=\"ti-linkedin ui transparent\"><\/i>\n                                                                                                <\/a>\n                                    <\/div>\n                            <div class=\"module-icon-item\">\n                                                                                                            <\/div>\n                    <\/div>\n    <\/div>\n    <!-- \/module icon -->\n\t        <\/div>\n\t    \t<\/div>\n\t\t    <\/div>\n\t<\/div><!-- \/themify_builder_sub_row -->\n\t\t        <\/div>\n\t    \t<\/div>\n\t\t    <\/div>\n\t    <!-- \/row_inner -->\n\t<\/div>\n\t<!-- \/module_row -->\n\t\t<!-- module_row -->\n\t<div   class=\"themify_builder_row module_row clearfix module_row_3 themify_builder_5447_row module_row_5447-3 tb_b9nt359\">\n\t    \t    <div class=\"row_inner col_align_top\" >\n\t\t\t<div  class=\"module_column tb-column col-full first tb_5447_column module_column_0 module_column_5447-3-0 tb_qnto359\">\n\t    \t    \t        <div class=\"tb-column-inner\">\n\t\t    \t<div  class=\"themify_builder_sub_row module_subrow clearfix sub_row_3-0-0 tb_ynxa359\" >\n\t    \t    <div class=\"subrow_inner gutter-none col_align_top\" >\n\t\t\t<div  class=\"sub_column module_column col3-1 first sub_column_post_5447 sub_column_3-0-0-0 tb_ymv8360\" > \n\t    \t    \t        <div class=\"tb-column-inner\">\n\t\t        <!-- module image -->\n    <div  class=\"module module-image tb_06pv360 circle image-center  \">\n\t                <div class=\"image-wrap\">\n                            <img loading=\"lazy\" decoding=\"async\" src=\"https:\/\/geo-education.ch\/wp-content\/uploads\/2026\/01\/Pio_crop-821x1024-200x200.jpg\" width=\"200\" height=\"200\" class=\" wp-post-image wp-image-24439\" title=\"Pio Reimers\" alt=\"IT-Systeme\" srcset=\"https:\/\/geo-education.ch\/wp-content\/uploads\/2026\/01\/Pio_crop-821x1024-200x200.jpg 200w, https:\/\/geo-education.ch\/wp-content\/uploads\/2026\/01\/Pio_crop-821x1024-150x150.jpg 150w\" sizes=\"auto, (max-width: 200px) 100vw, 200px\" \/>            \n                        <\/div>\n            <!-- \/image-wrap -->\n        \n                    <div class=\"image-content\">\n                                    <h3 class=\"image-title\">\n                                                    Pio Reimers                                            <\/h3>\n                \n\t\t                    <div class=\"image-caption tb_text_wrap\">\n                        IT-Systeme                <\/div>\n                <!-- \/image-caption -->\n                            <\/div>\n            <!-- \/image-content -->\n        \n        <\/div>\n    <!-- \/module image -->\n    <!-- module icon -->\n    <div  class=\"module module-icon tb_90kq361  normal circle icon_horizontal  \">\n\t        \t<div class=\"module-icon\">\n                            <div class=\"module-icon-item\">\n                                            <a href=\"https:\/\/www.linkedin.com\/in\/pio-reimers-a15180208\/\" rel=\"noopener\" target=\"_blank\">\n                                                                            <i class=\"ti-linkedin ui transparent\"><\/i>\n                                                                                                <\/a>\n                                    <\/div>\n                            <div class=\"module-icon-item\">\n                                                                                                            <\/div>\n                    <\/div>\n    <\/div>\n    <!-- \/module icon -->\n\t        <\/div>\n\t    \t<\/div>\n\t\t<div  class=\"sub_column module_column col3-1 middle sub_column_post_5447 sub_column_3-0-0-1 tb_vbce361\" > \n\t    \t    \t        <div class=\"tb-column-inner\">\n\t\t        <!-- module image -->\n    <div  class=\"module module-image tb_0dl2961 circle image-center  \">\n\t                <div class=\"image-wrap\">\n                            <img loading=\"lazy\" decoding=\"async\" src=\"https:\/\/geo-education.ch\/wp-content\/uploads\/2020\/06\/laurent-200x200.jpeg\" width=\"200\" height=\"200\" class=\" wp-post-image wp-image-13446\" title=\"Laurent Berset\" alt=\"Kommunikation und Projekte\" srcset=\"https:\/\/geo-education.ch\/wp-content\/uploads\/2020\/06\/laurent-200x200.jpeg 200w, https:\/\/geo-education.ch\/wp-content\/uploads\/2020\/06\/laurent-300x300.jpeg 300w, https:\/\/geo-education.ch\/wp-content\/uploads\/2020\/06\/laurent-150x150.jpeg 150w, https:\/\/geo-education.ch\/wp-content\/uploads\/2020\/06\/laurent.jpeg 450w\" sizes=\"auto, (max-width: 200px) 100vw, 200px\" \/>            \n                        <\/div>\n            <!-- \/image-wrap -->\n        \n                    <div class=\"image-content\">\n                                    <h3 class=\"image-title\">\n                                                    Laurent Berset                                            <\/h3>\n                \n\t\t                    <div class=\"image-caption tb_text_wrap\">\n                        Kommunikation und Projekte                <\/div>\n                <!-- \/image-caption -->\n                            <\/div>\n            <!-- \/image-content -->\n        \n        <\/div>\n    <!-- \/module image -->\n    <!-- module icon -->\n    <div  class=\"module module-icon tb_d8si362  normal circle icon_horizontal  \">\n\t        \t<div class=\"module-icon\">\n                            <div class=\"module-icon-item\">\n                                            <a href=\"https:\/\/www.linkedin.com\/in\/laurent-berset-53023468\/\" rel=\"noopener\" target=\"_blank\">\n                                                                            <i class=\"ti-linkedin ui transparent\"><\/i>\n                                                                                                <\/a>\n                                    <\/div>\n                            <div class=\"module-icon-item\">\n                                            <a href=\"https:\/\/facebook.com\/themify\">\n                                                                                                                        <\/a>\n                                    <\/div>\n                    <\/div>\n    <\/div>\n    <!-- \/module icon -->\n\t        <\/div>\n\t    \t<\/div>\n\t\t<div  class=\"sub_column module_column col3-1 last sub_column_post_5447 sub_column_3-0-0-2 tb_dqem362\" > \n\t    \t    \t        <div class=\"tb-column-inner\">\n\t\t        <!-- module image -->\n    <div  class=\"module module-image tb_gzo2241 circle image-center  \">\n\t                <div class=\"image-wrap\">\n                            <img loading=\"lazy\" decoding=\"async\" src=\"https:\/\/geo-education.ch\/wp-content\/uploads\/2020\/06\/ladina-200x200.jpeg\" width=\"200\" height=\"200\" class=\" wp-post-image wp-image-13430\" title=\"Ladina Rauch\" alt=\"Sekretariat Tessin\" srcset=\"https:\/\/geo-education.ch\/wp-content\/uploads\/2020\/06\/ladina-200x200.jpeg 200w, https:\/\/geo-education.ch\/wp-content\/uploads\/2020\/06\/ladina-300x300.jpeg 300w, https:\/\/geo-education.ch\/wp-content\/uploads\/2020\/06\/ladina-150x150.jpeg 150w, https:\/\/geo-education.ch\/wp-content\/uploads\/2020\/06\/ladina.jpeg 351w\" sizes=\"auto, (max-width: 200px) 100vw, 200px\" \/>            \n                        <\/div>\n            <!-- \/image-wrap -->\n        \n                    <div class=\"image-content\">\n                                    <h3 class=\"image-title\">\n                                                    Ladina Rauch                                            <\/h3>\n                \n\t\t                    <div class=\"image-caption tb_text_wrap\">\n                        Sekretariat Tessin                <\/div>\n                <!-- \/image-caption -->\n                            <\/div>\n            <!-- \/image-content -->\n        \n        <\/div>\n    <!-- \/module image -->\n    <!-- module icon -->\n    <div  class=\"module module-icon tb_9chn540  normal circle icon_horizontal  \">\n\t        \t<div class=\"module-icon\">\n                            <div class=\"module-icon-item\">\n                                            <a href=\"https:\/\/www.linkedin.com\/in\/ladina-madlaina-rauch-014a2a93\/\" rel=\"noopener\" target=\"_blank\">\n                                                                            <i class=\"ti-linkedin ui transparent\"><\/i>\n                                                                                                <\/a>\n                                    <\/div>\n                            <div class=\"module-icon-item\">\n                                            <a href=\"https:\/\/facebook.com\/themify\">\n                                                                                                                        <\/a>\n                                    <\/div>\n                    <\/div>\n    <\/div>\n    <!-- \/module icon -->\n\t        <\/div>\n\t    \t<\/div>\n\t\t    <\/div>\n\t<\/div><!-- \/themify_builder_sub_row -->\n\t\t        <\/div>\n\t    \t<\/div>\n\t\t    <\/div>\n\t    <!-- \/row_inner -->\n\t<\/div>\n\t<!-- \/module_row -->\n\t\t<!-- module_row -->\n\t<div   class=\"themify_builder_row module_row clearfix module_row_4 themify_builder_5447_row module_row_5447-4 tb_41f13a2\">\n\t    \t    <div class=\"row_inner col_align_top\" >\n\t\t\t<div  class=\"module_column tb-column col-full first tb_5447_column module_column_0 module_column_5447-4-0 tb_aaf9c03\">\n\t    \t    \t        <div class=\"tb-column-inner\">\n\t\t        <!-- module feature -->\n   <div  class=\"module module-feature tb_oo25015 with-chart layout-icon-left size-small  \">\n        <style type=\"text\/css\">.tb_oo25015 .module-feature-chart-html5 {\n\t\t\t    box-shadow: inset 0 0 0 3px rgba(0,0,0,.1);\n\t\t\t}\n\t\t\t.tb_oo25015 .chart-loaded.chart-html5-fill {\n\t\t\t    box-shadow: inset 0 0 0 3px #de5d5d;\n\t\t    }<\/style>\n        \n        <div class=\"module-feature-image\">\n            \n            \n                <div class=\"module-feature-chart-html5\"\n                                         data-progress=\"0\"\n                         data-progress-end=\"100\"\n                         data-size=\"100\"\n                                          >\n                    <div class=\"chart-html5-circle\">\n                                                    <div class=\"chart-html5-mask chart-html5-full\">\n                                <div class=\"chart-html5-fill\"><\/div>\n                            <\/div>\n                            <div class=\"chart-html5-mask chart-html5-half\">\n                                <div class=\"chart-html5-fill\"><\/div>\n                            <\/div>\n                                                <div class=\"chart-html5-inset chart-html5-inset-icon\">\n\n                                                                                            <i class=\"module-feature-icon fa fa-check\" style=\"color: #000\"><\/i>                            \n                        <\/div>\n                    <\/div>\n                <\/div>\n\n                        <\/div>\n\n        <div class=\"module-feature-content\">\n\t\t\t                                        <h3 class=\"module-feature-title\">\n                                                                                            Datenschutzerkl\u00e4rung                                                                                    <\/h3>\n                                \t    <div class=\"tb_text_wrap\">\n\t\t<p>biz-geo.ch liegt viel daran, dass Sie sich im Internet sicher f\u00fchlen. Dazu geh\u00f6rt, dass Sie wissen, was mit den Daten geschieht, die Sie uns &#8211; wissentlich oder unwissentlich &#8211; \u00fcberlassen, wenn Sie auf unseren Seiten surfen. Im Normalfall k\u00f6nnen Sie unsere Internetseiten aufrufen, ohne irgendwelche Angaben \u00fcber Ihre Person zu machen. In Einzelf\u00e4llen ben\u00f6tigen wir jedoch nat\u00fcrlich pers\u00f6nliche Angaben, zum Beispiel bei den Formularen f\u00fcr die Kursanmeldung oder Eintrag in die Mailliste. Auch wenn wir Ihnen eine E-Mail-Anfrage beantworten, m\u00fcssen wir nat\u00fcrlich ihre Adresse speichern. Wenn immer pers\u00f6nliche Informationen notwendig sind, werden Ihre Daten nur f\u00fcr den vorgesehenen Zweck verwendet und auch nicht an Dritte (zum Beispiel zum Zweck der Werbung) weitergegeben.\u00a0<\/p>\n<p>Um unser Angebote fortw\u00e4hrend verbessern zu k\u00f6nnen, werten wir Zugriffsdateien (Logfiles) aus, die unser Webserver anlegt und die Aufschluss dar\u00fcber geben, welche Teile des Angebotes von den Nutzern wie oft aufgerufen werden. Dabei kann es auch sein, dass Informationen zur verwendeten Browser-Software oder zu den Dom\u00e4nen der Nutzer gespeichert werden. Ein R\u00fcckschluss auf einen einzelnen Nutzer ist damit aber nicht m\u00f6glich.\u00a0<\/p>\n<p>BIZ-Geo ist Mitglied vom\u00a0<a href=\"http:\/\/www.datenschutz-forum.ch\/\" target=\"_blank\" rel=\"noopener\">Datenschutz-Forum Schweiz<\/a>.\u00a0<\/p>\n<p>Haben Sie noch Fragen?\u00a0<\/p>\n<p>Wir nehmen Ihre Sorgen ernst. Wenn Sie Fragen zum Thema Datenschutz und Privatsph\u00e4re haben, senden Sie eine Mail an <a href=\"mailto:andre@biz-geo.ch\" target=\"_blank\" rel=\"noopener\">andre@biz-geo.ch<\/a>. Wir werden uns bem\u00fchen, Ihnen so schnell wie m\u00f6glich eine Antwort zukommen zu lassen.\u00a0<\/p>\n<p>Bildungszentrum Geomatik Schweiz Oli Grimm und Andy Reimers<\/p>\t    <\/div>\n\t<\/div>\n\n    <\/div>\n    <!-- \/module feature -->\n\t        <\/div>\n\t    \t<\/div>\n\t\t    <\/div>\n\t    <!-- \/row_inner -->\n\t<\/div>\n\t<!-- \/module_row -->\n\t<\/div>\n\n\n","protected":false},"excerpt":{"rendered":"<p>Als Fachschule in Geomatik und Vermessung leben wir folgende Leits\u00e4tze: Gut ausgebildete Berufsleute st\u00e4rken den Arbeitsplatz Schweiz Als Partner der Berufsverb\u00e4nde in der Geomatik f\u00fchren wir den Lehrgang zum Geomatiktechniker\/in [&hellip;]<\/p>\n","protected":false},"author":2,"featured_media":0,"parent":0,"menu_order":0,"comment_status":"closed","ping_status":"closed","template":"","meta":{"_price":"","_stock":"","_tribe_ticket_header":"","_tribe_default_ticket_provider":"","_tribe_ticket_capacity":"0","_ticket_start_date":"","_ticket_end_date":"","_tribe_ticket_show_description":"","_tribe_ticket_show_not_going":false,"_tribe_ticket_use_global_stock":"","_tribe_ticket_global_stock_level":"","_global_stock_mode":"","_global_stock_cap":"","_tribe_rsvp_for_event":"","_tribe_ticket_going_count":"","_tribe_ticket_not_going_count":"","_tribe_tickets_list":"[]","_tribe_ticket_has_attendee_info_fields":false,"footnotes":""},"class_list":["post-5447","page","type-page","status-publish","hentry","has-post-title","has-post-date","has-post-category","has-post-tag","has-post-comment","has-post-author",""],"_links":{"self":[{"href":"https:\/\/geo-education.ch\/index.php?rest_route=\/wp\/v2\/pages\/5447","targetHints":{"allow":["GET"]}}],"collection":[{"href":"https:\/\/geo-education.ch\/index.php?rest_route=\/wp\/v2\/pages"}],"about":[{"href":"https:\/\/geo-education.ch\/index.php?rest_route=\/wp\/v2\/types\/page"}],"author":[{"embeddable":true,"href":"https:\/\/geo-education.ch\/index.php?rest_route=\/wp\/v2\/users\/2"}],"replies":[{"embeddable":true,"href":"https:\/\/geo-education.ch\/index.php?rest_route=%2Fwp%2Fv2%2Fcomments&post=5447"}],"version-history":[{"count":105,"href":"https:\/\/geo-education.ch\/index.php?rest_route=\/wp\/v2\/pages\/5447\/revisions"}],"predecessor-version":[{"id":24482,"href":"https:\/\/geo-education.ch\/index.php?rest_route=\/wp\/v2\/pages\/5447\/revisions\/24482"}],"wp:attachment":[{"href":"https:\/\/geo-education.ch\/index.php?rest_route=%2Fwp%2Fv2%2Fmedia&parent=5447"}],"curies":[{"name":"wp","href":"https:\/\/api.w.org\/{rel}","templated":true}]}}