{"id":5485,"date":"2018-09-27T08:41:34","date_gmt":"2018-09-27T06:41:34","guid":{"rendered":"http:\/\/geo-education.ch\/?page_id=5485"},"modified":"2026-01-12T11:43:28","modified_gmt":"2026-01-12T10:43:28","slug":"organisation","status":"publish","type":"page","link":"https:\/\/geo-education.ch\/?page_id=5485&lang=fr","title":{"rendered":"Portrait"},"content":{"rendered":"<div id=\"themify_builder_content-5485\" data-postid=\"5485\" class=\"themify_builder_content themify_builder_content-5485 themify_builder\">\n    \t<!-- module_row -->\n\t<div  class=\"themify_builder_row module_row clearfix module_row_0 themify_builder_5485_row module_row_5485-0 tb_8b7d03b\">\n\t    \t    <div class=\"row_inner col_align_top\" >\n\t\t\t<div  class=\"module_column tb-column col-full first tb_5485_column module_column_0 module_column_5485-0-0 tb_ec16f46\">\n\t    \t    \t        <div class=\"tb-column-inner\">\n\t\t        <!-- module feature -->\n   <div  class=\"module module-feature tb_7cb6932 with-chart layout-icon-left size-small  \">\n        <style type=\"text\/css\">.tb_7cb6932 .module-feature-chart-html5 {\n\t\t\t    box-shadow: inset 0 0 0 3px rgba(0,0,0,.1);\n\t\t\t}\n\t\t\t.tb_7cb6932 .chart-loaded.chart-html5-fill {\n\t\t\t    box-shadow: inset 0 0 0 3px #de5d5d;\n\t\t    }<\/style>\n        \n        <div class=\"module-feature-image\">\n            \n            \n                <div class=\"module-feature-chart-html5\"\n                                         data-progress=\"0\"\n                         data-progress-end=\"100\"\n                         data-size=\"100\"\n                                          >\n                    <div class=\"chart-html5-circle\">\n                                                    <div class=\"chart-html5-mask chart-html5-full\">\n                                <div class=\"chart-html5-fill\"><\/div>\n                            <\/div>\n                            <div class=\"chart-html5-mask chart-html5-half\">\n                                <div class=\"chart-html5-fill\"><\/div>\n                            <\/div>\n                                                <div class=\"chart-html5-inset chart-html5-inset-icon\">\n\n                                                                                            <i class=\"module-feature-icon fa fa-check\" style=\"color: #000\"><\/i>                            \n                        <\/div>\n                    <\/div>\n                <\/div>\n\n                        <\/div>\n\n        <div class=\"module-feature-content\">\n\t\t\t                                        <h3 class=\"module-feature-title\">\n                                                                                            A titre d'\u00e9cole technique en g\u00e9omatique et en mensuration, nous vivons selon les principes suivants :                                                                                    <\/h3>\n                                \t    <div class=\"tb_text_wrap\">\n\t\t<ul><li>Des professionnels bien form\u00e9s renforcent la Suisse en tant que place de travail<\/li><li>En tant que partenaire des associations professionnelles en g\u00e9omatique, nous organisons la formation pour se pr\u00e9parer au brevet f\u00e9d\u00e9ral de technicien\/ne en g\u00e9omatique<\/li><li>Nous voulons offrir une gamme de cours de qualit\u00e9, vari\u00e9s et abordables pour toutes les personnes int\u00e9ress\u00e9es<\/li><li>Nous nous consid\u00e9rons comme un centre de formation professionnelle pour la formation continue<\/li><li>Les personnes int\u00e9ress\u00e9es doivent \u00eatre en mesure de se d\u00e9velopper en permanence<\/li><li>Notre offre est plac\u00e9e sous le slogan &#8220;des professionnels pour des professionnels&#8221;<\/li><li>En tant que coop\u00e9rative, tous nos exc\u00e9dents sont investis dans la formation et la formation continue<\/li><\/ul>\t    <\/div>\n\t<\/div>\n\n    <\/div>\n    <!-- \/module feature -->\n    <!-- module feature -->\n   <div  class=\"module module-feature tb_apun000 with-chart layout-icon-left size-small  \">\n        <style type=\"text\/css\">.tb_apun000 .module-feature-chart-html5 {\n\t\t\t    box-shadow: inset 0 0 0 3px rgba(0,0,0,.1);\n\t\t\t}\n\t\t\t.tb_apun000 .chart-loaded.chart-html5-fill {\n\t\t\t    box-shadow: inset 0 0 0 3px #de5d5d;\n\t\t    }<\/style>\n        \n        <div class=\"module-feature-image\">\n            \n            \n                <div class=\"module-feature-chart-html5\"\n                                         data-progress=\"0\"\n                         data-progress-end=\"100\"\n                         data-size=\"100\"\n                                          >\n                    <div class=\"chart-html5-circle\">\n                                                    <div class=\"chart-html5-mask chart-html5-full\">\n                                <div class=\"chart-html5-fill\"><\/div>\n                            <\/div>\n                            <div class=\"chart-html5-mask chart-html5-half\">\n                                <div class=\"chart-html5-fill\"><\/div>\n                            <\/div>\n                                                <div class=\"chart-html5-inset chart-html5-inset-icon\">\n\n                                                                                            <i class=\"module-feature-icon fa fa-check\" style=\"color: #000\"><\/i>                            \n                        <\/div>\n                    <\/div>\n                <\/div>\n\n                        <\/div>\n\n        <div class=\"module-feature-content\">\n\t\t\t                                        <h3 class=\"module-feature-title\">\n                                                                                             Cours de formation modulaire pour se pr\u00e9parer au brevet f\u00e9d\u00e9ral de technicien\/ne en g\u00e9omatique                                                                                    <\/h3>\n                                \t    <div class=\"tb_text_wrap\">\n\t\t<p>La formation pour se pr\u00e9parer au brevet f\u00e9d\u00e9ral de technicien\/ne en g\u00e9omatique est contr\u00f4l\u00e9e et r\u00e9glement\u00e9e par <a href=\"https:\/\/www2.berufsbildung-geomatik.ch\/fr\/association-faitiere-geomaticiens-geomaticiennes-suisse\/je-continue-a-me-former.html#c-aq-experts\" target=\"_blank\" rel=\"noopener\">la commission AQ<\/a>.<br \/>La C-AQ est int\u00e9gr\u00e9e dans <a href=\"https:\/\/www2.berufsbildung-geomatik.ch\/fr\/association-faitiere-geomaticiens-geomaticiennes-suisse.html\" target=\"_blank\" rel=\"noopener\">l&#8217;Association fa\u00eeti\u00e8re G\u00e9omaticiens\/G\u00e9omaticiennes Suisse<\/a>. Les membres sont nomm\u00e9s par les associations professionnelles.<\/p>\t    <\/div>\n\t<\/div>\n\n    <\/div>\n    <!-- \/module feature -->\n\t        <\/div>\n\t    \t<\/div>\n\t\t    <\/div>\n\t    <!-- \/row_inner -->\n\t<\/div>\n\t<!-- \/module_row -->\n\t\t<!-- module_row -->\n\t<div  class=\"themify_builder_row module_row clearfix module_row_1 themify_builder_5485_row module_row_5485-1 tb_l4kj485\">\n\t    \t    <div class=\"row_inner col_align_top\" >\n\t\t\t<div  class=\"module_column tb-column col-full first tb_5485_column module_column_0 module_column_5485-1-0 tb_9tfg485\">\n\t    \t    \t        <div class=\"tb-column-inner\">\n\t\t    <!-- module plain text -->\n<div  class=\"module module-plain-text tb_5l9c580  \">\n        <div class=\"tb_text_wrap\" >\n\tTEAM    <\/div>\n<\/div>\n<!-- \/module plain text -->\t        <\/div>\n\t    \t<\/div>\n\t\t    <\/div>\n\t    <!-- \/row_inner -->\n\t<\/div>\n\t<!-- \/module_row -->\n\t\t<!-- module_row -->\n\t<div   class=\"themify_builder_row module_row clearfix module_row_2 themify_builder_5485_row module_row_5485-2 tb_b9to499\">\n\t    \t    <div class=\"row_inner col_align_top\" >\n\t\t\t<div  class=\"module_column tb-column col-full first tb_5485_column module_column_0 module_column_5485-2-0 tb_pv2z499\">\n\t    \t    \t        <div class=\"tb-column-inner\">\n\t\t    \t<div  class=\"themify_builder_sub_row module_subrow clearfix sub_row_2-0-0 tb_za7l499\" >\n\t    \t    <div class=\"subrow_inner gutter-none col_align_top\" >\n\t\t\t<div  class=\"sub_column module_column col3-1 first sub_column_post_5485 sub_column_2-0-0-0 tb_iic8500\" > \n\t    \t    \t        <div class=\"tb-column-inner\">\n\t\t        <!-- module image -->\n    <div  class=\"module module-image tb_lw1o500 circle image-center  \">\n\t                <div class=\"image-wrap\">\n                            <img loading=\"lazy\" decoding=\"async\" src=\"https:\/\/geo-education.ch\/wp-content\/uploads\/2026\/01\/Andy_crop_2-1-815x1024-200x200.jpg\" width=\"200\" height=\"200\" class=\" wp-post-image wp-image-24476\" title=\"Andy Reimers\" alt=\"Direction\" srcset=\"https:\/\/geo-education.ch\/wp-content\/uploads\/2026\/01\/Andy_crop_2-1-815x1024-200x200.jpg 200w, https:\/\/geo-education.ch\/wp-content\/uploads\/2026\/01\/Andy_crop_2-1-815x1024-150x150.jpg 150w\" sizes=\"auto, (max-width: 200px) 100vw, 200px\" \/>            \n                        <\/div>\n            <!-- \/image-wrap -->\n        \n                    <div class=\"image-content\">\n                                    <h3 class=\"image-title\">\n                                                    Andy Reimers                                            <\/h3>\n                \n\t\t                    <div class=\"image-caption tb_text_wrap\">\n                        Direction                <\/div>\n                <!-- \/image-caption -->\n                            <\/div>\n            <!-- \/image-content -->\n        \n        <\/div>\n    <!-- \/module image -->\n    <!-- module icon -->\n    <div  class=\"module module-icon tb_4ktf500  normal circle icon_horizontal  \">\n\t        \t<div class=\"module-icon\">\n                            <div class=\"module-icon-item\">\n                                            <a href=\"https:\/\/www.linkedin.com\/in\/andreas-reimers-757a0b53\/\" rel=\"noopener\" target=\"_blank\">\n                                                                            <i class=\"ti-linkedin ui transparent\"><\/i>\n                                                                                                <\/a>\n                                    <\/div>\n                            <div class=\"module-icon-item\">\n                                                                                                            <\/div>\n                    <\/div>\n    <\/div>\n    <!-- \/module icon -->\n\t        <\/div>\n\t    \t<\/div>\n\t\t<div  class=\"sub_column module_column col3-1 middle sub_column_post_5485 sub_column_2-0-0-1 tb_zwll500\" > \n\t    \t    \t        <div class=\"tb-column-inner\">\n\t\t        <!-- module image -->\n    <div  class=\"module module-image tb_g8l7500 circle image-center  \">\n\t                <div class=\"image-wrap\">\n                            <img loading=\"lazy\" decoding=\"async\" src=\"https:\/\/geo-education.ch\/wp-content\/uploads\/2026\/01\/OLi_crop-1-791x1024-200x200.jpg\" width=\"200\" height=\"200\" class=\" wp-post-image wp-image-24437\" title=\"Oli Grimm\" alt=\"Direction, direction de l&#039;\u00e9cole Suisse al\u00e9manique \/ Tessin\" srcset=\"https:\/\/geo-education.ch\/wp-content\/uploads\/2026\/01\/OLi_crop-1-791x1024-200x200.jpg 200w, https:\/\/geo-education.ch\/wp-content\/uploads\/2026\/01\/OLi_crop-1-791x1024-150x150.jpg 150w\" sizes=\"auto, (max-width: 200px) 100vw, 200px\" \/>            \n                        <\/div>\n            <!-- \/image-wrap -->\n        \n                    <div class=\"image-content\">\n                                    <h3 class=\"image-title\">\n                                                    Oli Grimm                                            <\/h3>\n                \n\t\t                    <div class=\"image-caption tb_text_wrap\">\n                        Direction, direction de l&#8217;\u00e9cole Suisse al\u00e9manique \/ Tessin                <\/div>\n                <!-- \/image-caption -->\n                            <\/div>\n            <!-- \/image-content -->\n        \n        <\/div>\n    <!-- \/module image -->\n    <!-- module icon -->\n    <div  class=\"module module-icon tb_ie3i500  normal circle icon_horizontal  \">\n\t        \t<div class=\"module-icon\">\n                            <div class=\"module-icon-item\">\n                                            <a href=\"https:\/\/www.linkedin.com\/in\/oliver-grimm-90a367131\/\" rel=\"noopener\" target=\"_blank\">\n                                                                            <i class=\"ti-linkedin ui transparent\"><\/i>\n                                                                                                <\/a>\n                                    <\/div>\n                            <div class=\"module-icon-item\">\n                                            <a href=\"https:\/\/facebook.com\/themify\">\n                                                                                                                        <\/a>\n                                    <\/div>\n                    <\/div>\n    <\/div>\n    <!-- \/module icon -->\n\t        <\/div>\n\t    \t<\/div>\n\t\t<div  class=\"sub_column module_column col3-1 last sub_column_post_5485 sub_column_2-0-0-2 tb_f9gb500\" > \n\t    \t    \t        <div class=\"tb-column-inner\">\n\t\t        <!-- module image -->\n    <div  class=\"module module-image tb_rev4500 circle image-center  \">\n\t                <div class=\"image-wrap\">\n                            <img loading=\"lazy\" decoding=\"async\" src=\"https:\/\/geo-education.ch\/wp-content\/uploads\/2020\/06\/Milena-200x200.jpeg\" width=\"200\" height=\"200\" class=\" wp-post-image wp-image-15786\" title=\"Milena Scrignari\" alt=\"Direction, direction de l&#039;\u00e9cole en Suisse romande\" srcset=\"https:\/\/geo-education.ch\/wp-content\/uploads\/2020\/06\/Milena-200x200.jpeg 200w, https:\/\/geo-education.ch\/wp-content\/uploads\/2020\/06\/Milena-300x300.jpeg 300w, https:\/\/geo-education.ch\/wp-content\/uploads\/2020\/06\/Milena-150x150.jpeg 150w, https:\/\/geo-education.ch\/wp-content\/uploads\/2020\/06\/Milena-768x768.jpeg 768w, https:\/\/geo-education.ch\/wp-content\/uploads\/2020\/06\/Milena.jpeg 800w\" sizes=\"auto, (max-width: 200px) 100vw, 200px\" \/>            \n                        <\/div>\n            <!-- \/image-wrap -->\n        \n                    <div class=\"image-content\">\n                                    <h3 class=\"image-title\">\n                                                    Milena Scrignari                                            <\/h3>\n                \n\t\t                    <div class=\"image-caption tb_text_wrap\">\n                        Direction, direction de l&#8217;\u00e9cole en Suisse romande                <\/div>\n                <!-- \/image-caption -->\n                            <\/div>\n            <!-- \/image-content -->\n        \n        <\/div>\n    <!-- \/module image -->\n    <!-- module icon -->\n    <div  class=\"module module-icon tb_hi1i500  normal circle icon_horizontal  \">\n\t        \t<div class=\"module-icon\">\n                            <div class=\"module-icon-item\">\n                                            <a href=\"https:\/\/www.linkedin.com\/in\/milena-scrignari-7a064711b\/\" rel=\"noopener\" target=\"_blank\">\n                                                                            <i class=\"ti-linkedin ui transparent\"><\/i>\n                                                                                                <\/a>\n                                    <\/div>\n                            <div class=\"module-icon-item\">\n                                                                                                            <\/div>\n                    <\/div>\n    <\/div>\n    <!-- \/module icon -->\n\t        <\/div>\n\t    \t<\/div>\n\t\t    <\/div>\n\t<\/div><!-- \/themify_builder_sub_row -->\n\t\t<div  class=\"themify_builder_sub_row module_subrow clearfix sub_row_2-0-1 tb_4asy500\" >\n\t    \t    <div class=\"subrow_inner gutter-none col_align_top\" >\n\t\t\t<div  class=\"sub_column module_column col3-1 first sub_column_post_5485 sub_column_2-0-1-0 tb_ngrq500\" > \n\t    \t    \t        <div class=\"tb-column-inner\">\n\t\t        <!-- module image -->\n    <div  class=\"module module-image tb_i9l3500 circle image-center  \">\n\t                <div class=\"image-wrap\">\n                            <img loading=\"lazy\" decoding=\"async\" src=\"https:\/\/geo-education.ch\/wp-content\/uploads\/2026\/01\/Nadia_crop-1024x1019-200x200.jpg\" width=\"200\" height=\"200\" class=\" wp-post-image wp-image-24440\" title=\"Nadia Sp\u00f6rri\" alt=\"Administration de l&#039;\u00e9cole\" srcset=\"https:\/\/geo-education.ch\/wp-content\/uploads\/2026\/01\/Nadia_crop-1024x1019-200x200.jpg 200w, https:\/\/geo-education.ch\/wp-content\/uploads\/2026\/01\/Nadia_crop-300x300.jpg 300w, https:\/\/geo-education.ch\/wp-content\/uploads\/2026\/01\/Nadia_crop-1024x1019.jpg 1024w, https:\/\/geo-education.ch\/wp-content\/uploads\/2026\/01\/Nadia_crop-1024x1019-150x149.jpg 150w, https:\/\/geo-education.ch\/wp-content\/uploads\/2026\/01\/Nadia_crop-768x765.jpg 768w, https:\/\/geo-education.ch\/wp-content\/uploads\/2026\/01\/Nadia_crop-1536x1529.jpg 1536w, https:\/\/geo-education.ch\/wp-content\/uploads\/2026\/01\/Nadia_crop.jpg 1983w\" sizes=\"auto, (max-width: 200px) 100vw, 200px\" \/>            \n                        <\/div>\n            <!-- \/image-wrap -->\n        \n                    <div class=\"image-content\">\n                                    <h3 class=\"image-title\">\n                                                    Nadia Sp\u00f6rri                                            <\/h3>\n                \n\t\t                    <div class=\"image-caption tb_text_wrap\">\n                        Administration de l&#8217;\u00e9cole                <\/div>\n                <!-- \/image-caption -->\n                            <\/div>\n            <!-- \/image-content -->\n        \n        <\/div>\n    <!-- \/module image -->\n\t        <\/div>\n\t    \t<\/div>\n\t\t<div  class=\"sub_column module_column col3-1 middle sub_column_post_5485 sub_column_2-0-1-1 tb_pqrx500\" > \n\t    \t    \t        <div class=\"tb-column-inner\">\n\t\t        <!-- module image -->\n    <div  class=\"module module-image tb_o5fj500 circle image-center  \">\n\t                <div class=\"image-wrap\">\n                            <img loading=\"lazy\" decoding=\"async\" src=\"https:\/\/geo-education.ch\/wp-content\/uploads\/2020\/06\/franziska-200x200.jpeg\" width=\"200\" height=\"200\" class=\" wp-post-image wp-image-13421\" title=\"Franziska Andr\u00e9\" alt=\"Secr\u00e9tariat de l&#039;\u00e9cole\" srcset=\"https:\/\/geo-education.ch\/wp-content\/uploads\/2020\/06\/franziska-200x200.jpeg 200w, https:\/\/geo-education.ch\/wp-content\/uploads\/2020\/06\/franziska-300x300.jpeg 300w, https:\/\/geo-education.ch\/wp-content\/uploads\/2020\/06\/franziska-150x150.jpeg 150w, https:\/\/geo-education.ch\/wp-content\/uploads\/2020\/06\/franziska-768x768.jpeg 768w, https:\/\/geo-education.ch\/wp-content\/uploads\/2020\/06\/franziska.jpeg 800w\" sizes=\"auto, (max-width: 200px) 100vw, 200px\" \/>            \n                        <\/div>\n            <!-- \/image-wrap -->\n        \n                    <div class=\"image-content\">\n                                    <h3 class=\"image-title\">\n                                                    Franziska Andr\u00e9                                            <\/h3>\n                \n\t\t                    <div class=\"image-caption tb_text_wrap\">\n                        Secr\u00e9tariat de l&#8217;\u00e9cole                <\/div>\n                <!-- \/image-caption -->\n                            <\/div>\n            <!-- \/image-content -->\n        \n        <\/div>\n    <!-- \/module image -->\n    <!-- module icon -->\n    <div  class=\"module module-icon tb_keeg500  normal circle icon_horizontal  \">\n\t        \t<div class=\"module-icon\">\n                            <div class=\"module-icon-item\">\n                                            <a href=\"https:\/\/www.linkedin.com\/in\/franziska-andr\u00e9-006a282a\/\" rel=\"noopener\" target=\"_blank\">\n                                                                            <i class=\"ti-linkedin ui transparent\"><\/i>\n                                                                                                <\/a>\n                                    <\/div>\n                            <div class=\"module-icon-item\">\n                                                                                                            <\/div>\n                    <\/div>\n    <\/div>\n    <!-- \/module icon -->\n\t        <\/div>\n\t    \t<\/div>\n\t\t<div  class=\"sub_column module_column col3-1 last sub_column_post_5485 sub_column_2-0-1-2 tb_bd4x500\" > \n\t    \t    \t        <div class=\"tb-column-inner\">\n\t\t        <!-- module image -->\n    <div  class=\"module module-image tb_qjbg501 circle image-center  \">\n\t                <div class=\"image-wrap\">\n                            <img loading=\"lazy\" decoding=\"async\" src=\"https:\/\/geo-education.ch\/wp-content\/uploads\/2020\/06\/paula-nacht-200x200.jpeg\" width=\"200\" height=\"200\" class=\" wp-post-image wp-image-13410\" title=\"Paula Nacht\" alt=\"Finances\" srcset=\"https:\/\/geo-education.ch\/wp-content\/uploads\/2020\/06\/paula-nacht-200x200.jpeg 200w, https:\/\/geo-education.ch\/wp-content\/uploads\/2020\/06\/paula-nacht-300x300.jpeg 300w, https:\/\/geo-education.ch\/wp-content\/uploads\/2020\/06\/paula-nacht-150x150.jpeg 150w, https:\/\/geo-education.ch\/wp-content\/uploads\/2020\/06\/paula-nacht.jpeg 500w\" sizes=\"auto, (max-width: 200px) 100vw, 200px\" \/>            \n                        <\/div>\n            <!-- \/image-wrap -->\n        \n                    <div class=\"image-content\">\n                                    <h3 class=\"image-title\">\n                                                    Paula Nacht                                            <\/h3>\n                \n\t\t                    <div class=\"image-caption tb_text_wrap\">\n                        Finances                <\/div>\n                <!-- \/image-caption -->\n                            <\/div>\n            <!-- \/image-content -->\n        \n        <\/div>\n    <!-- \/module image -->\n    <!-- module icon -->\n    <div  class=\"module module-icon tb_awlr501  normal circle icon_horizontal  \">\n\t        \t<div class=\"module-icon\">\n                            <div class=\"module-icon-item\">\n                                            <a href=\"https:\/\/www.linkedin.com\/in\/paula-nacht\/\" rel=\"noopener\" target=\"_blank\">\n                                                                            <i class=\"ti-linkedin ui transparent\"><\/i>\n                                                                                                <\/a>\n                                    <\/div>\n                            <div class=\"module-icon-item\">\n                                                                                                            <\/div>\n                    <\/div>\n    <\/div>\n    <!-- \/module icon -->\n\t        <\/div>\n\t    \t<\/div>\n\t\t    <\/div>\n\t<\/div><!-- \/themify_builder_sub_row -->\n\t\t        <\/div>\n\t    \t<\/div>\n\t\t    <\/div>\n\t    <!-- \/row_inner -->\n\t<\/div>\n\t<!-- \/module_row -->\n\t\t<!-- module_row -->\n\t<div   class=\"themify_builder_row module_row clearfix module_row_3 themify_builder_5485_row module_row_5485-3 tb_zzrt53\">\n\t    \t    <div class=\"row_inner col_align_top\" >\n\t\t\t<div  class=\"module_column tb-column col-full first tb_5485_column module_column_0 module_column_5485-3-0 tb_80gq53\">\n\t    \t    \t        <div class=\"tb-column-inner\">\n\t\t    \t<div  class=\"themify_builder_sub_row module_subrow clearfix sub_row_3-0-0 tb_feye53\" >\n\t    \t    <div class=\"subrow_inner gutter-none col_align_top\" >\n\t\t\t<div  class=\"sub_column module_column col3-1 first sub_column_post_5485 sub_column_3-0-0-0 tb_oip754\" > \n\t    \t    \t        <div class=\"tb-column-inner\">\n\t\t        <!-- module image -->\n    <div  class=\"module module-image tb_q0xn54 circle image-center  \">\n\t                <div class=\"image-wrap\">\n                            <img loading=\"lazy\" decoding=\"async\" src=\"https:\/\/geo-education.ch\/wp-content\/uploads\/2026\/01\/Pio_crop-821x1024-200x200.jpg\" width=\"200\" height=\"200\" class=\" wp-post-image wp-image-24439\" title=\"Pio Reimers\" alt=\"IT-Syst\u00e8mes\" srcset=\"https:\/\/geo-education.ch\/wp-content\/uploads\/2026\/01\/Pio_crop-821x1024-200x200.jpg 200w, https:\/\/geo-education.ch\/wp-content\/uploads\/2026\/01\/Pio_crop-821x1024-150x150.jpg 150w\" sizes=\"auto, (max-width: 200px) 100vw, 200px\" \/>            \n                        <\/div>\n            <!-- \/image-wrap -->\n        \n                    <div class=\"image-content\">\n                                    <h3 class=\"image-title\">\n                                                    Pio Reimers                                            <\/h3>\n                \n\t\t                    <div class=\"image-caption tb_text_wrap\">\n                        IT-Syst\u00e8mes                <\/div>\n                <!-- \/image-caption -->\n                            <\/div>\n            <!-- \/image-content -->\n        \n        <\/div>\n    <!-- \/module image -->\n    <!-- module icon -->\n    <div  class=\"module module-icon tb_5i9454  normal circle icon_horizontal  \">\n\t        \t<div class=\"module-icon\">\n                            <div class=\"module-icon-item\">\n                                            <a href=\"https:\/\/www.linkedin.com\/in\/pio-reimers-a15180208\/\" rel=\"noopener\" target=\"_blank\">\n                                                                            <i class=\"ti-linkedin ui transparent\"><\/i>\n                                                                                                <\/a>\n                                    <\/div>\n                            <div class=\"module-icon-item\">\n                                                                                                            <\/div>\n                    <\/div>\n    <\/div>\n    <!-- \/module icon -->\n\t        <\/div>\n\t    \t<\/div>\n\t\t<div  class=\"sub_column module_column col3-1 middle sub_column_post_5485 sub_column_3-0-0-1 tb_6dkb54\" > \n\t    \t    \t        <div class=\"tb-column-inner\">\n\t\t        <!-- module image -->\n    <div  class=\"module module-image tb_2ioe54 circle image-center  \">\n\t                <div class=\"image-wrap\">\n                            <img loading=\"lazy\" decoding=\"async\" src=\"https:\/\/geo-education.ch\/wp-content\/uploads\/2020\/06\/laurent-200x200.jpeg\" width=\"200\" height=\"200\" class=\" wp-post-image wp-image-13446\" title=\"Laurent Berset\" alt=\"Communication et projets\" srcset=\"https:\/\/geo-education.ch\/wp-content\/uploads\/2020\/06\/laurent-200x200.jpeg 200w, https:\/\/geo-education.ch\/wp-content\/uploads\/2020\/06\/laurent-300x300.jpeg 300w, https:\/\/geo-education.ch\/wp-content\/uploads\/2020\/06\/laurent-150x150.jpeg 150w, https:\/\/geo-education.ch\/wp-content\/uploads\/2020\/06\/laurent.jpeg 450w\" sizes=\"auto, (max-width: 200px) 100vw, 200px\" \/>            \n                        <\/div>\n            <!-- \/image-wrap -->\n        \n                    <div class=\"image-content\">\n                                    <h3 class=\"image-title\">\n                                                    Laurent Berset                                            <\/h3>\n                \n\t\t                    <div class=\"image-caption tb_text_wrap\">\n                        Communication et projets                <\/div>\n                <!-- \/image-caption -->\n                            <\/div>\n            <!-- \/image-content -->\n        \n        <\/div>\n    <!-- \/module image -->\n    <!-- module icon -->\n    <div  class=\"module module-icon tb_w5e654  normal circle icon_horizontal  \">\n\t        \t<div class=\"module-icon\">\n                            <div class=\"module-icon-item\">\n                                            <a href=\"https:\/\/www.linkedin.com\/in\/laurent-berset-53023468\/\" rel=\"noopener\" target=\"_blank\">\n                                                                            <i class=\"ti-linkedin ui transparent\"><\/i>\n                                                                                                <\/a>\n                                    <\/div>\n                            <div class=\"module-icon-item\">\n                                            <a href=\"https:\/\/facebook.com\/themify\">\n                                                                                                                        <\/a>\n                                    <\/div>\n                    <\/div>\n    <\/div>\n    <!-- \/module icon -->\n\t        <\/div>\n\t    \t<\/div>\n\t\t<div  class=\"sub_column module_column col3-1 last sub_column_post_5485 sub_column_3-0-0-2 tb_w38j54\" > \n\t    \t    \t        <div class=\"tb-column-inner\">\n\t\t        <!-- module image -->\n    <div  class=\"module module-image tb_8dls54 circle image-center  \">\n\t                <div class=\"image-wrap\">\n                            <img loading=\"lazy\" decoding=\"async\" src=\"https:\/\/geo-education.ch\/wp-content\/uploads\/2020\/06\/ladina-200x200.jpeg\" width=\"200\" height=\"200\" class=\" wp-post-image wp-image-13430\" title=\"Ladina Rauch\" alt=\"Secr\u00e9tariat Tessin\" srcset=\"https:\/\/geo-education.ch\/wp-content\/uploads\/2020\/06\/ladina-200x200.jpeg 200w, https:\/\/geo-education.ch\/wp-content\/uploads\/2020\/06\/ladina-300x300.jpeg 300w, https:\/\/geo-education.ch\/wp-content\/uploads\/2020\/06\/ladina-150x150.jpeg 150w, https:\/\/geo-education.ch\/wp-content\/uploads\/2020\/06\/ladina.jpeg 351w\" sizes=\"auto, (max-width: 200px) 100vw, 200px\" \/>            \n                        <\/div>\n            <!-- \/image-wrap -->\n        \n                    <div class=\"image-content\">\n                                    <h3 class=\"image-title\">\n                                                    Ladina Rauch                                            <\/h3>\n                \n\t\t                    <div class=\"image-caption tb_text_wrap\">\n                        Secr\u00e9tariat Tessin                <\/div>\n                <!-- \/image-caption -->\n                            <\/div>\n            <!-- \/image-content -->\n        \n        <\/div>\n    <!-- \/module image -->\n    <!-- module icon -->\n    <div  class=\"module module-icon tb_ja9p54  normal circle icon_horizontal  \">\n\t        \t<div class=\"module-icon\">\n                            <div class=\"module-icon-item\">\n                                            <a href=\"https:\/\/www.linkedin.com\/in\/ladina-madlaina-rauch-014a2a93\/\" rel=\"noopener\" target=\"_blank\">\n                                                                            <i class=\"ti-linkedin ui transparent\"><\/i>\n                                                                                                <\/a>\n                                    <\/div>\n                            <div class=\"module-icon-item\">\n                                            <a href=\"https:\/\/facebook.com\/themify\">\n                                                                                                                        <\/a>\n                                    <\/div>\n                    <\/div>\n    <\/div>\n    <!-- \/module icon -->\n\t        <\/div>\n\t    \t<\/div>\n\t\t    <\/div>\n\t<\/div><!-- \/themify_builder_sub_row -->\n\t\t        <\/div>\n\t    \t<\/div>\n\t\t    <\/div>\n\t    <!-- \/row_inner -->\n\t<\/div>\n\t<!-- \/module_row -->\n\t<\/div>\n\n\n","protected":false},"excerpt":{"rendered":"<p>A titre d&#8217;\u00e9cole technique en g\u00e9omatique et en mensuration, nous vivons selon les principes suivants : Des professionnels bien form\u00e9s renforcent la Suisse en tant que place de travail En [&hellip;]<\/p>\n","protected":false},"author":2,"featured_media":0,"parent":0,"menu_order":1,"comment_status":"closed","ping_status":"closed","template":"","meta":{"_price":"","_stock":"","_tribe_ticket_header":"","_tribe_default_ticket_provider":"","_tribe_ticket_capacity":"0","_ticket_start_date":"","_ticket_end_date":"","_tribe_ticket_show_description":"","_tribe_ticket_show_not_going":false,"_tribe_ticket_use_global_stock":"","_tribe_ticket_global_stock_level":"","_global_stock_mode":"","_global_stock_cap":"","_tribe_rsvp_for_event":"","_tribe_ticket_going_count":"","_tribe_ticket_not_going_count":"","_tribe_tickets_list":"[]","_tribe_ticket_has_attendee_info_fields":false,"footnotes":""},"class_list":["post-5485","page","type-page","status-publish","hentry","has-post-title","has-post-date","has-post-category","has-post-tag","has-post-comment","has-post-author",""],"_links":{"self":[{"href":"https:\/\/geo-education.ch\/index.php?rest_route=\/wp\/v2\/pages\/5485","targetHints":{"allow":["GET"]}}],"collection":[{"href":"https:\/\/geo-education.ch\/index.php?rest_route=\/wp\/v2\/pages"}],"about":[{"href":"https:\/\/geo-education.ch\/index.php?rest_route=\/wp\/v2\/types\/page"}],"author":[{"embeddable":true,"href":"https:\/\/geo-education.ch\/index.php?rest_route=\/wp\/v2\/users\/2"}],"replies":[{"embeddable":true,"href":"https:\/\/geo-education.ch\/index.php?rest_route=%2Fwp%2Fv2%2Fcomments&post=5485"}],"version-history":[{"count":52,"href":"https:\/\/geo-education.ch\/index.php?rest_route=\/wp\/v2\/pages\/5485\/revisions"}],"predecessor-version":[{"id":24483,"href":"https:\/\/geo-education.ch\/index.php?rest_route=\/wp\/v2\/pages\/5485\/revisions\/24483"}],"wp:attachment":[{"href":"https:\/\/geo-education.ch\/index.php?rest_route=%2Fwp%2Fv2%2Fmedia&parent=5485"}],"curies":[{"name":"wp","href":"https:\/\/api.w.org\/{rel}","templated":true}]}}