{"id":988,"date":"2018-08-24T18:29:04","date_gmt":"2018-08-24T16:29:04","guid":{"rendered":"http:\/\/geo-education.ch\/?page_id=988"},"modified":"2021-12-12T11:55:29","modified_gmt":"2021-12-12T10:55:29","slug":"s1b-amenagement-du-territoire","status":"publish","type":"page","link":"https:\/\/geo-education.ch\/?page_id=988&lang=fr","title":{"rendered":"Am\u00e9nagement du territoire (S1b)"},"content":{"rendered":"<h4>Description<\/h4>\n<p>L\u2019am\u00e9nagement du territoire est une t\u00e2che publique qui se base sur un mandat ancr\u00e9 dans la constitution f\u00e9d\u00e9rale. Ce n\u2019est pas une discipline ferm\u00e9e en elle-m\u00eame, mais elle concerne de nombreux domaines professionnels et domaines d\u2019application, qui doivent \u00eatre reli\u00e9s et coordonn\u00e9s entre eux.<\/p>\n<p>Lors de l\u2019\u00e9valuation des diff\u00e9rents int\u00e9r\u00eats et pr\u00e9tentions, l\u2019am\u00e9nagement du territoire a une large fonction de m\u00e9diateur. Il le garantit dans le cadre de r\u00e8gles d\u00e9mocratiques et en utilisant les moyens l\u00e9gaux mis \u00e0 sa disposition.<\/p>\n<h4>Pr\u00e9requis (recommandations)<\/h4>\n<ul>\n<li>Compr\u00e9hension de plans et cartes.<\/li>\n<li>Connaissances g\u00e9n\u00e9rales de notre syst\u00e8me juridique.<\/li>\n<\/ul>\n<h4>Objectifs<\/h4>\n<ul>\n<li>Connaissances de base des instruments de planification et proc\u00e9dures communaux<\/li>\n<li>Connaissances g\u00e9n\u00e9rales des plus importantes bases de planification<\/li>\n<li>Comprendre et juger la probl\u00e9matique territoriale<\/li>\n<li>Perception de la n\u00e9cessit\u00e9 de planifier et ses marges de man\u0153uvre.<\/li>\n<\/ul>\n<h4>Contenu<\/h4>\n<ul>\n<li>D\u00e9veloppement territorial de la Suisse ; bases de l\u2019observation territoriale<\/li>\n<li>Initiation dans la l\u00e9gislation et l\u2019organisation suisse de l\u2019am\u00e9nagement du territoire<\/li>\n<li>Instruments de planification \u00e0 diff\u00e9rents niveaux<\/li>\n<li>D\u00e9roulement de la planification et collaboration, \u00e9valuation des int\u00e9r\u00eats<\/li>\n<li>D\u00e9termination de zones d\u2019affectation communales<\/li>\n<li>Prescriptions de construction : r\u00e9glementation de la police des constructions<\/li>\n<li>R\u00e9serves d\u2019affectation et calcul des capacit\u00e9s de zones constructibles<\/li>\n<li>Application et ex\u00e9cution dans l\u2019am\u00e9nagement du territoire.<\/li>\n<\/ul>\n<h4>Dur\u00e9e d\u2019\u00e9tude<\/h4>\n<p>16 p\u00e9riodes enseign\u00e9es plus environ 12 p\u00e9riodes de travail individuel.<\/p>\n<h4>Prix du cours<\/h4>\n<p>CHF 600.-<div id=\"themify_builder_content-988\" data-postid=\"988\" class=\"themify_builder_content themify_builder_content-988 themify_builder\">\n    \t<!-- module_row -->\n\t<div  class=\"themify_builder_row module_row clearfix module_row_0 themify_builder_988_row module_row_988-0 tb_pkoh137\">\n\t    \t    <div class=\"row_inner col_align_top\" >\n\t\t\t<div  class=\"module_column tb-column col-full first tb_988_column module_column_0 module_column_988-0-0 tb_dd5x138\">\n\t    \t    \t        <div class=\"tb-column-inner\">\n\t\t        <!-- module buttons -->\n    <div  class=\"module module-buttons tb_8xdn138 xlarge solid squared  \">\n\t        \t<div class=\"module-buttons\">\n                            <div class=\"module-buttons-item buttons-fullwidth \">\n\t\t    \t\t\t<a href=\"https:\/\/geo-education.ch\/?tribe_events_cat=amenagement-du-territoire&#038;lang=fr\" class=\"ui builder_button tb_default_color\" target=\"_blank\" rel=\"noopener\">\n\t\t    \t\t    \t\t\t<span>Calendrier des prochains cours et inscription en ligne<\/span>\n\t\t    \t\t    \t\t\t<\/a>\n\t\t                    <\/div>\n                    <\/div>\n    <\/div>\n    <!-- \/module buttons -->\n\t        <\/div>\n\t    \t<\/div>\n\t\t    <\/div>\n\t    <!-- \/row_inner -->\n\t<\/div>\n\t<!-- \/module_row -->\n\t<\/div>\n\n\n","protected":false},"excerpt":{"rendered":"<p>Description L\u2019am\u00e9nagement du territoire est une t\u00e2che publique qui se base sur un mandat ancr\u00e9 dans la constitution f\u00e9d\u00e9rale. Ce n\u2019est pas une discipline ferm\u00e9e en elle-m\u00eame, mais elle concerne [&hellip;]<\/p>\n","protected":false},"author":2,"featured_media":0,"parent":877,"menu_order":1,"comment_status":"closed","ping_status":"closed","template":"","meta":{"_price":"","_stock":"","_tribe_ticket_header":"","_tribe_default_ticket_provider":"","_tribe_ticket_capacity":"0","_ticket_start_date":"","_ticket_end_date":"","_tribe_ticket_show_description":"","_tribe_ticket_show_not_going":false,"_tribe_ticket_use_global_stock":"","_tribe_ticket_global_stock_level":"","_global_stock_mode":"","_global_stock_cap":"","_tribe_rsvp_for_event":"","_tribe_ticket_going_count":"","_tribe_ticket_not_going_count":"","_tribe_tickets_list":"[]","_tribe_ticket_has_attendee_info_fields":false,"footnotes":""},"class_list":["post-988","page","type-page","status-publish","hentry","has-post-title","has-post-date","has-post-category","has-post-tag","has-post-comment","has-post-author",""],"_links":{"self":[{"href":"https:\/\/geo-education.ch\/index.php?rest_route=\/wp\/v2\/pages\/988","targetHints":{"allow":["GET"]}}],"collection":[{"href":"https:\/\/geo-education.ch\/index.php?rest_route=\/wp\/v2\/pages"}],"about":[{"href":"https:\/\/geo-education.ch\/index.php?rest_route=\/wp\/v2\/types\/page"}],"author":[{"embeddable":true,"href":"https:\/\/geo-education.ch\/index.php?rest_route=\/wp\/v2\/users\/2"}],"replies":[{"embeddable":true,"href":"https:\/\/geo-education.ch\/index.php?rest_route=%2Fwp%2Fv2%2Fcomments&post=988"}],"version-history":[{"count":6,"href":"https:\/\/geo-education.ch\/index.php?rest_route=\/wp\/v2\/pages\/988\/revisions"}],"predecessor-version":[{"id":14653,"href":"https:\/\/geo-education.ch\/index.php?rest_route=\/wp\/v2\/pages\/988\/revisions\/14653"}],"up":[{"embeddable":true,"href":"https:\/\/geo-education.ch\/index.php?rest_route=\/wp\/v2\/pages\/877"}],"wp:attachment":[{"href":"https:\/\/geo-education.ch\/index.php?rest_route=%2Fwp%2Fv2%2Fmedia&parent=988"}],"curies":[{"name":"wp","href":"https:\/\/api.w.org\/{rel}","templated":true}]}}